{"id":76,"date":"2021-03-17T22:36:13","date_gmt":"2021-03-17T21:36:13","guid":{"rendered":"http:\/\/www.kopfkino-podcast.de\/?page_id=76"},"modified":"2022-12-04T20:04:45","modified_gmt":"2022-12-04T19:04:45","slug":"alle-folgen","status":"publish","type":"page","link":"https:\/\/www.kopfkino-podcast.de\/?page_id=76","title":{"rendered":"Alle Folgen"},"content":{"rendered":"\n<div class=\"wp-block-columns is-layout-flex wp-container-core-columns-is-layout-28f84493 wp-block-columns-is-layout-flex\">\n<div class=\"wp-block-column is-layout-flow wp-block-column-is-layout-flow\" style=\"flex-basis:50%\">\n<figure class=\"wp-block-pullquote\"><blockquote><p>Folge #25:<strong> <\/strong>Irrfahrten<\/p><cite>von Markus Ostermair<br>(Kreuzviertel \/ Feierbanane)<\/cite><\/blockquote><\/figure>\n<\/div>\n\n\n\n<div class=\"wp-block-column is-layout-flow wp-block-column-is-layout-flow\" style=\"flex-basis:50%\">\t\t<div id=\"wpmapblock_dab20582\" data-settings='{&quot;map_marker&quot;:[{&quot;lat&quot;:&quot;48.142010299999995&quot;,&quot;lng&quot;:&quot;11.571385550674144&quot;,&quot;title&quot;:&quot;Folge #25: Irrfahrten&quot;,&quot;content&quot;:&quot;von Markus Ostermair&quot;,&quot;iconType&quot;:&quot;default&quot;,&quot;customIconUrl&quot;:&quot;&quot;,&quot;customIconWidth&quot;:&quot;25&quot;,&quot;customIconHeight&quot;:&quot;40&quot;}],&quot;map_zoom&quot;:&quot;16&quot;,&quot;scroll_wheel_zoom&quot;:false,&quot;map_type&quot;:&quot;OSM&quot;,&quot;center_index&quot;:0}' class=\"wpmapblockrender\" style=\"\n\t\t\twidth: 100%;\n\t\t\theight: 250px;\n\t\t\"><\/div>\n        <\/div>\n<\/div>\n\n\n\n<iframe loading=\"lazy\" src=\"https:\/\/embed.acast.com\/6026794ab1c4230ec203204d\/6389c0a9ade60900106e9455\" frameborder=\"0\" width=\"100%\" height=\"190px\"><\/iframe>\n\n\n\n<p>Die schwarze, namenlose, aufdruckslose Plastikt\u00fcte kommt als diskrete Verpackung bei ihren ersten Besitzern an. Dies ist der Beginn einer Reise, die lange dauern wird. Reissfest wie sie ist, dient sie nicht nur als Transport- und Aufbewahrungsmittel. Sie ist ebenso aufmerksame Beobachterin ihrer Besitzer:innen, Inhalte und Umgebungen.&nbsp;Nach langen tristen Jahren gelingt ihr dank einer Windb\u00f6e \u00fcber dem Ozean der Befreiungsflug &#8211; um dann von jemandem gefunden zu werden,&nbsp;der sie auch ein wenig m\u00fcrbe und l\u00f6chrig noch sch\u00e4tzt und dessen Leben sie besser machen, ja sogar retten kann.&nbsp;<\/p>\n\n\n\n<p>Markus Ostermair erz\u00e4hlt im letzten Kopfkino des Jahres 2022 von einer weiten, langen Reise, vom Dasein einer Dienenden, die eine zuf\u00e4llige Chance ergreift. Und auch wenn es so aussieht, als w\u00e4re das Ende gekommen &#8211; irgendjemand oder irgendetwas greift zu und findet Zweck im scheinbar Nutzlosen.\u00a0<\/p>\n\n\n\n<div class=\"wp-block-columns is-layout-flex wp-container-core-columns-is-layout-28f84493 wp-block-columns-is-layout-flex\">\n<div class=\"wp-block-column is-layout-flow wp-block-column-is-layout-flow\" style=\"flex-basis:50%\">\n<figure class=\"wp-block-pullquote\"><blockquote><p>Folge #24:<strong> <\/strong>Wegen der H\u00e4ppchen<\/p><cite>von neutro<br>(vom Europaplatz bis Unterf\u00f6hring)<\/cite><\/blockquote><\/figure>\n<\/div>\n\n\n\n<div class=\"wp-block-column is-layout-flow wp-block-column-is-layout-flow\" style=\"flex-basis:50%\">\t\t<div id=\"wpmapblock_dcb754a0\" data-settings='{&quot;map_marker&quot;:[{&quot;lat&quot;:&quot;48.142010299999995&quot;,&quot;lng&quot;:&quot;11.571385550674144&quot;,&quot;title&quot;:&quot;Folge #25: Irrfahrten&quot;,&quot;content&quot;:&quot;von Markus Ostermaier&quot;,&quot;iconType&quot;:&quot;default&quot;,&quot;customIconUrl&quot;:&quot;&quot;,&quot;customIconWidth&quot;:&quot;25&quot;,&quot;customIconHeight&quot;:&quot;40&quot;}],&quot;map_zoom&quot;:&quot;16&quot;,&quot;scroll_wheel_zoom&quot;:false,&quot;map_type&quot;:&quot;OSM&quot;,&quot;center_index&quot;:0}' class=\"wpmapblockrender\" style=\"\n\t\t\twidth: 100%;\n\t\t\theight: 250px;\n\t\t\"><\/div>\n        <\/div>\n<\/div>\n\n\n\n<iframe loading=\"lazy\" src=\"https:\/\/embed.acast.com\/5e7483ef85f0dff508d61289\/6368bf409922eb0012d5ea90\" frameborder=\"0\" width=\"100%\" height=\"190px\"><\/iframe>\n\n\n\n<p>Fritz ist DER HEILER, ein Star im Fernseh-Hauptabend, und als gesundheitsbewusster Held joggend auf dem Weg nach Unterf\u00f6hring, wo H\u00e4ppchen und aussichtsreiche Angebote auf ihn warten.&nbsp;Er w\u00e4re nicht DER HEILER, w\u00e4re der Weg nicht gespickt von herausfordernden Aufgaben. Zum einen sind da die Gesundheits-Points, die er laufend sammelt &#8211;&nbsp;je mehr Intensit\u00e4t, desto mehr Points &#8211; zum anderen eine Reihe Herkules-ke Herausforderungen. Er wei\u00df, was zu tun ist, begegnet H\u00fcrden mit erhobenem Haupt, m\u00e4chtigem Blick, fast \u00fcbermenschlich, ausdauernd und v\u00f6llig ohne Furcht. Er gibt nicht auf, ist immer zur Stelle, wo er gebraucht wird &#8211; egal ob Drecksarbeit oder nicht. Nicht einmal das Tor zur H\u00f6lle erschreckt ihn. Er erkennt vielmehr, dass nicht unbedingt das Ziel das Ziel ist, sondern der Weg schon ausreichend Aufgabe im Leben.<\/p>\n\n\n\n<div class=\"wp-block-columns is-layout-flex wp-container-core-columns-is-layout-28f84493 wp-block-columns-is-layout-flex\">\n<div class=\"wp-block-column is-layout-flow wp-block-column-is-layout-flow\" style=\"flex-basis:50%\">\n<figure class=\"wp-block-pullquote\"><blockquote><p>Folge #23:<strong> <\/strong>Clubg\u00e4nge<\/p><cite>von Rinus Silzle<br>(Kreuzviertel \/ Feierbanane)<\/cite><\/blockquote><\/figure>\n<\/div>\n\n\n\n<div class=\"wp-block-column is-layout-flow wp-block-column-is-layout-flow\" style=\"flex-basis:50%\">\t\t<div id=\"wpmapblock_73fb3d8c\" data-settings='{&quot;map_marker&quot;:[{&quot;lat&quot;:&quot;48.1409643&quot;,&quot;lng&quot;:&quot;11.5986286&quot;,&quot;title&quot;:&quot;Folge #24: Wegen der H\\u00e4ppchen&quot;,&quot;content&quot;:&quot;von neutro&quot;,&quot;iconType&quot;:&quot;default&quot;,&quot;customIconUrl&quot;:&quot;&quot;,&quot;customIconWidth&quot;:&quot;25&quot;,&quot;customIconHeight&quot;:&quot;40&quot;}],&quot;map_zoom&quot;:&quot;16&quot;,&quot;scroll_wheel_zoom&quot;:false,&quot;map_type&quot;:&quot;OSM&quot;,&quot;center_index&quot;:0}' class=\"wpmapblockrender\" style=\"\n\t\t\twidth: 100%;\n\t\t\theight: 250px;\n\t\t\"><\/div>\n        <\/div>\n<\/div>\n\n\n\n<iframe loading=\"lazy\" src=\"https:\/\/embed.acast.com\/5e7483ef85f0dff508d61289\/633abb793259a200125bb8a1\" frameborder=\"0\" width=\"100%\" height=\"190px\"><\/iframe>\n\n\n\n<p>Der \u201cgute Ton\u201d der M\u00fcnchner Nacht: Wummernder Bass und viele Menschen. So war das zumindest bis zu Beginn der Corona-Pandemie auf der Feierbanane, dem Stra\u00dfenzug um den Maximiliansplatz, wo die Clubdichte hoch ist und die Nacht immer jung.&nbsp;<\/p>\n\n\n\n<p>Doch dann wurde es still, nicht nur hinter den geschlossenen Clubt\u00fcren, sondern auch auf dem Platz davor, der verl\u00e4ngerten Tanzfl\u00e4che, wo sich zum Rauchen, Ratschen und Abchecken getroffen wurde. Dort sitzt Valerie jetzt und denkt an die Zeit zur\u00fcck, als \u201cPacha, 089 oder Rote Sonne? Bob Beaman? Harry Klein?\u201d die Frage des Abends war. Als die Grenzen zwischen Tag und Nacht, Drau\u00dfen und Drinnen verschwammen, als Dabeisein alles war, Feiern als Lebensgef\u00fchl, als die Zeit bestimmende Dynamik. Valerie vermisst den Vibe, das Fallenlassen k\u00f6nnen, das Zuhause f\u00fchlen, das Wissen, dass alles passt: Das Outfit, die Musik, die Gesellschaft, der Rausch. In welcher Form Valeries Lieblingsclubs nach Corona wiederkommen werden, ist noch nicht so ganz klar. Bis dahin gibt es aber gl\u00fccklicherweise noch die Musik. Und Freund:innen, die nicht nur rund um die Nacht am Start sind. &nbsp;<\/p>\n\n\n\n<div class=\"wp-block-columns is-layout-flex wp-container-core-columns-is-layout-28f84493 wp-block-columns-is-layout-flex\">\n<div class=\"wp-block-column is-layout-flow wp-block-column-is-layout-flow\" style=\"flex-basis:50%\">\n<figure class=\"wp-block-pullquote\"><blockquote><p>Folge #22:<strong> <\/strong>Au!<\/p><cite>von <em>Neutro (Anna Neuwirth und Martin Troger), Rinus Silzle, Denijen Pauljevi\u0107<\/em> und Benno Heisel<br>(Au)<\/cite><\/blockquote><\/figure>\n<\/div>\n\n\n\n<div class=\"wp-block-column is-layout-flow wp-block-column-is-layout-flow\" style=\"flex-basis:50%\">\t\t<div id=\"wpmapblock_0178f62a\" data-settings='{&quot;map_marker&quot;:[{&quot;lat&quot;:&quot;48.120471800000004&quot;,&quot;lng&quot;:&quot;11.581091778287092&quot;,&quot;title&quot;:&quot;Folge #22: AU!&quot;,&quot;content&quot;:&quot;&quot;,&quot;iconType&quot;:&quot;default&quot;,&quot;customIconUrl&quot;:&quot;&quot;,&quot;customIconWidth&quot;:&quot;25&quot;,&quot;customIconHeight&quot;:&quot;40&quot;}],&quot;map_zoom&quot;:&quot;16&quot;,&quot;scroll_wheel_zoom&quot;:false,&quot;map_type&quot;:&quot;OSM&quot;,&quot;center_index&quot;:0}' class=\"wpmapblockrender\" style=\"\n\t\t\twidth: 100%;\n\t\t\theight: 250px;\n\t\t\"><\/div>\n        <\/div>\n<\/div>\n\n\n\n<div class=\"wp-block-columns is-layout-flex wp-container-core-columns-is-layout-28f84493 wp-block-columns-is-layout-flex\">\n<div class=\"wp-block-column is-layout-flow wp-block-column-is-layout-flow\" style=\"flex-basis:100%\">\n<figure class=\"wp-block-embed aligncenter is-type-video is-provider-vimeo wp-block-embed-vimeo wp-embed-aspect-16-9 wp-has-aspect-ratio\"><div class=\"wp-block-embed__wrapper\">\n<iframe loading=\"lazy\" title=\"Kopfkino - Stadtspazierg\u00e4nge (live): Folge 22 &quot;Au!&quot; - Mitschnitt von Martin Kie\u00dfling\" src=\"https:\/\/player.vimeo.com\/video\/750903193?dnt=1&amp;app_id=122963\" width=\"1200\" height=\"675\" frameborder=\"0\" allow=\"autoplay; fullscreen; picture-in-picture\" allowfullscreen><\/iframe>\n<\/div><\/figure>\n<\/div>\n<\/div>\n\n\n\n<p>Wo ganz fr\u00fcher B\u00e4che f\u00fcr nasse, schlammige F\u00fc\u00dfe sorgten, dann Schornsteine der Vorstadtfabriken qualmten und dann Brot und Bier im Zentrum des Dorfes jenseits der Br\u00fccken standen, gibts jetzt Feiern zur Fastenzeit und sehr, sehr teure Wohnungen im ehemaligen Frauengef\u00e4ngnis. Gold aus Matsch gebacken, quasi. Dank Erholungswert von Isar-Hochufer, Weitblick und N\u00e4he zu Innenstadt und Stadtnatur. Alles ver\u00e4ndert sich, alles steht an der Schwelle &#8211; nicht nur die Dult an der Schwelle der Mariahilfkirche, sondern auch Flora und Fauna zwischen Landnahme und Verdr\u00e4ngung. Der Text f\u00fcr das Live-H\u00f6rspiel die Kopfkino -Stadtspazierg\u00e4nge Folge 22 &#8222;AU!&#8220; entstand in einem gemeinsamen Schreibworkshop der AutorInnen: Schnell, roh, direkt, miteinander, f\u00fcreinander, gegeneinander. Er ist ein flie\u00dfendes M\u00e4andern zwischen Fr\u00fcher und Heute, dem, was da jetzt ist und vielleicht bald nicht mehr, aus Fakten und Vermutungen. Immer bleiben wird nur eins: Das Rauschen der B\u00e4che und der Isar, die schon immer wegschwemmen, was weg muss und nicht aufpasst.<\/p>\n\n\n\n<div class=\"wp-block-columns is-layout-flex wp-container-core-columns-is-layout-28f84493 wp-block-columns-is-layout-flex\">\n<div class=\"wp-block-column is-layout-flow wp-block-column-is-layout-flow\" style=\"flex-basis:50%\">\n<figure class=\"wp-block-pullquote\"><blockquote><p>Folge #21:<strong> <\/strong>Kimchi, Lozzi, Korea, Corona<\/p><cite>von Sophia Klimanek<br>(Isarvorstadt)<\/cite><\/blockquote><\/figure>\n<\/div>\n\n\n\n<div class=\"wp-block-column is-layout-flow wp-block-column-is-layout-flow\" style=\"flex-basis:50%\">\t\t<div id=\"wpmapblock_ed922f5c\" data-settings='{&quot;map_marker&quot;:[{&quot;lat&quot;:&quot;48.12957755&quot;,&quot;lng&quot;:&quot;11.575924966017439&quot;,&quot;title&quot;:&quot;Folge #21: Kimchi, Lozzi, Korea, Corona&quot;,&quot;content&quot;:&quot;von Sophia Klimanek&quot;,&quot;iconType&quot;:&quot;default&quot;,&quot;customIconUrl&quot;:&quot;&quot;,&quot;customIconWidth&quot;:&quot;25&quot;,&quot;customIconHeight&quot;:&quot;40&quot;}],&quot;map_zoom&quot;:&quot;16&quot;,&quot;scroll_wheel_zoom&quot;:false,&quot;map_type&quot;:&quot;OSM&quot;,&quot;center_index&quot;:0}' class=\"wpmapblockrender\" style=\"\n\t\t\twidth: 100%;\n\t\t\theight: 250px;\n\t\t\"><\/div>\n        <\/div>\n<\/div>\n\n\n\n<iframe loading=\"lazy\" src=\"https:\/\/embed.acast.com\/5e7483ef85f0dff508d61289\/626e9a6097a982001366ead8\" frameborder=\"0\" width=\"100%\" height=\"110px\"><\/iframe>\n\n\n\n<p>Wie es war w\u00e4hrend des ersten Lockdowns, als es noch kaum Homeschooling, keine Maskenpflicht und noch lang keine Impfung gab, daran erinnert sich jetzt im Fr\u00fchjahr 2022 wohl kaum jemand mehr so ganz genau. Sophia Klimanek macht eine Zeitreise zur\u00fcck an einen dieser Tage zwischen Pandemiebeginn und dem Moment, als Distanzierung sich schon fast wieder gew\u00f6hnlich anf\u00fchlte. Zwei Teenager suchen sich ihren Weg in eine neue Welt, die mehr aus Bildschirmkommunikation als aus pers\u00f6nlichen Begegnungen besteht, staunen \u00fcber die Stille der Stadt und entdecken f\u00fcr sich und am anderen bisher unbekannte Facetten, Geschm\u00e4cker und Phantasien.<\/p>\n\n\n\n<div class=\"wp-block-columns is-layout-flex wp-container-core-columns-is-layout-28f84493 wp-block-columns-is-layout-flex\">\n<div class=\"wp-block-column is-layout-flow wp-block-column-is-layout-flow\" style=\"flex-basis:50%\">\n<figure class=\"wp-block-pullquote\"><blockquote><p>Folge #20: Zeitschichten<\/p><cite>von Stefanie Ramb<br>(Maxvorstadt)<\/cite><\/blockquote><\/figure>\n<\/div>\n\n\n\n<div class=\"wp-block-column is-layout-flow wp-block-column-is-layout-flow\" style=\"flex-basis:50%\">\t\t<div id=\"wpmapblock_434c6e57\" data-settings='{&quot;map_marker&quot;:[{&quot;lat&quot;:&quot;48.1445346&quot;,&quot;lng&quot;:&quot;11.5434218&quot;,&quot;title&quot;:&quot;Folge #20: Zeitschichten&quot;,&quot;content&quot;:&quot; von Stefanie Ramb&quot;,&quot;iconType&quot;:&quot;default&quot;,&quot;customIconUrl&quot;:&quot;&quot;,&quot;customIconWidth&quot;:&quot;25&quot;,&quot;customIconHeight&quot;:&quot;40&quot;}],&quot;map_zoom&quot;:&quot;17&quot;,&quot;scroll_wheel_zoom&quot;:false,&quot;map_type&quot;:&quot;OSM&quot;,&quot;center_index&quot;:0}' class=\"wpmapblockrender\" style=\"\n\t\t\twidth: 100%;\n\t\t\theight: 250px;\n\t\t\"><\/div>\n        <\/div>\n<\/div>\n\n\n\n<iframe loading=\"lazy\" src=\"https:\/\/embed.acast.com\/5e7483ef85f0dff508d61289\/624ad876f7f2520013a2e99a\" frameborder=\"0\" width=\"100%\" height=\"110px\"><\/iframe>\n\n\n\n<p>Eigentlich ist sie nicht mehr als eine Hauptverkehrsader aus dem M\u00fcnchner Westen zum Hauptbahnhof, eine nicht allzu sch\u00f6ne, immer rauschende Stra\u00dfe ohne Charme. Die Arnulfstra\u00dfe ist keine Stra\u00dfe, bei der man ins Schw\u00e4rmen kommt. Aber sie ist eine Stra\u00dfe, aus deren Vergangenheit es viele Geschichten zu erz\u00e4hlen gibt. Ilse, ein (fiktives) M\u00e4dchen der 1920er Jahre, sieht die Arnulfstra\u00dfe mit ihren Kinderaugen und l\u00e4sst uns dabei eine Zeit erleben, als \u201cFortschritt\u201d noch nicht in Bildschirmen geschah und als ein wichtiger Teil von dem, was M\u00fcnchen heute noch pr\u00e4gt, in der Arnulfstra\u00dfe ihren Anfang genommen hat.&nbsp;<\/p>\n\n\n\n<div class=\"wp-block-columns is-layout-flex wp-container-core-columns-is-layout-28f84493 wp-block-columns-is-layout-flex\">\n<div class=\"wp-block-column is-layout-flow wp-block-column-is-layout-flow\" style=\"flex-basis:50%\">\n<figure class=\"wp-block-pullquote\"><blockquote><p>Folge #19: 17 mit mir<\/p><cite>von Katrin Diehl<br>(Graggenauviertel)<\/cite><\/blockquote><\/figure>\n<\/div>\n\n\n\n<div class=\"wp-block-column is-layout-flow wp-block-column-is-layout-flow\" style=\"flex-basis:50%\">\t\t<div id=\"wpmapblock_c0d19705\" data-settings='{&quot;map_marker&quot;:[{&quot;lat&quot;:&quot;48.13975345&quot;,&quot;lng&quot;:&quot;11.57800864461915&quot;,&quot;title&quot;:&quot;Folge #19: 17 mit mir&quot;,&quot;content&quot;:&quot; von Kathrin Diehl&quot;,&quot;iconType&quot;:&quot;default&quot;,&quot;customIconUrl&quot;:&quot;&quot;,&quot;customIconWidth&quot;:&quot;25&quot;,&quot;customIconHeight&quot;:&quot;40&quot;}],&quot;map_zoom&quot;:&quot;17&quot;,&quot;scroll_wheel_zoom&quot;:false,&quot;map_type&quot;:&quot;OSM&quot;,&quot;center_index&quot;:0}' class=\"wpmapblockrender\" style=\"\n\t\t\twidth: 100%;\n\t\t\theight: 250px;\n\t\t\"><\/div>\n        <\/div>\n<\/div>\n\n\n\n<iframe loading=\"lazy\" src=\"https:\/\/player.acast.com\/horchx\/episodes\/kopfkino-19\" frameborder=\"0\" width=\"100%\" height=\"110px\" allow=\"autoplay\"><\/iframe>\n\n\n\n<p>Die Autorin und Journalistin Katrin Diehl schn\u00fcffelt sich bodennah durch die Maximilianstra\u00dfe. Eigentlich m\u00f6chte ihr vierbeiniges Alter Ego nur seine Bed\u00fcrfnisse stillen, aber st\u00e4ndig kommt etwas dazwischen: Konsum, ungewohnte Anblicke und die Erkenntnis, dass Flucht nach vorne nicht zwingend zum Ziel f\u00fchrt. Da wird so ein Schlenderer durch M\u00fcnchens Zentrum der Reichen und Sch\u00f6nen schnell mal zur Spurensuche nach alten Prinzipien und Werten &#8211; sowohl an den H\u00e4userecken, als auch in der tiefsten h\u00fcndischen Seelenwelt.<\/p>\n\n\n\n<div class=\"wp-block-columns is-layout-flex wp-container-core-columns-is-layout-28f84493 wp-block-columns-is-layout-flex\">\n<div class=\"wp-block-column is-layout-flow wp-block-column-is-layout-flow\" style=\"flex-basis:50%\">\n<figure class=\"wp-block-pullquote\"><blockquote><p>Folge #18: Keine Container auf der Wiese<\/p><cite>von&nbsp;Denijen Pauljevi\u0107 und Christine Umpfenbach<br>(Freimann und viele andere)<\/cite><\/blockquote><\/figure>\n<\/div>\n\n\n\n<div class=\"wp-block-column is-layout-flow wp-block-column-is-layout-flow\" style=\"flex-basis:50%\">\t\t<div id=\"wpmapblock_5c7643ea\" data-settings='{&quot;map_marker&quot;:[{&quot;lat&quot;:&quot;48.198511499999995&quot;,&quot;lng&quot;:&quot;11.596714393829306&quot;,&quot;title&quot;:&quot;Folge #18: Keine Container auf der Wiese&quot;,&quot;content&quot;:&quot;von Denijen Pauljevi\\u0107 und Christine Umpfenbach&quot;,&quot;iconType&quot;:&quot;default&quot;,&quot;customIconUrl&quot;:&quot;&quot;,&quot;customIconWidth&quot;:&quot;25&quot;,&quot;customIconHeight&quot;:&quot;40&quot;}],&quot;map_zoom&quot;:&quot;15&quot;,&quot;scroll_wheel_zoom&quot;:false,&quot;map_type&quot;:&quot;OSM&quot;,&quot;center_index&quot;:0}' class=\"wpmapblockrender\" style=\"\n\t\t\twidth: 100%;\n\t\t\theight: 250px;\n\t\t\"><\/div>\n        <\/div>\n<\/div>\n\n\n\n<iframe loading=\"lazy\" src=\"https:\/\/player.acast.com\/horchx\/episodes\/kopfkino-18\" frameborder=\"0\" width=\"100%\" height=\"110px\" allow=\"autoplay\"><\/iframe>\n\n\n\n<p>2 Menschen. Mitten unter uns.&nbsp;<\/p>\n\n\n\n<p>2 Lebenswege unter vielen, die unterschiedlicher nicht sein k\u00f6nnten &#8211; und doch kreuzen sich die Wege der Autorin Christine Umpfenbach und des Autors Denijen Pauljevic. <\/p>\n\n\n\n<p><\/p>\n\n\n\n<div class=\"wp-block-columns is-layout-flex wp-container-core-columns-is-layout-28f84493 wp-block-columns-is-layout-flex\">\n<div class=\"wp-block-column is-layout-flow wp-block-column-is-layout-flow\" style=\"flex-basis:50%\">\n<figure class=\"wp-block-pullquote\"><blockquote><p>Folge #17: Taubenkack<\/p><cite>Von Raphaela Bardutzky<br>(Altstadt)<\/cite><\/blockquote><\/figure>\n<\/div>\n\n\n\n<div class=\"wp-block-column is-layout-flow wp-block-column-is-layout-flow\" style=\"flex-basis:50%\">\n<p><meta charset=\"utf-8\"><\/p>\n\n\n\t\t<div id=\"wpmapblock_7b882636\" data-settings='{&quot;map_marker&quot;:[{&quot;lat&quot;:&quot;48.140623&quot;,&quot;lng&quot;:&quot;11.5674468&quot;,&quot;title&quot;:&quot;Folge #17: Taubenkack&quot;,&quot;content&quot;:&quot;von Raphaela Bardutzky&quot;,&quot;iconType&quot;:&quot;default&quot;,&quot;customIconUrl&quot;:&quot;&quot;,&quot;customIconWidth&quot;:&quot;25&quot;,&quot;customIconHeight&quot;:&quot;40&quot;}],&quot;map_zoom&quot;:&quot;16&quot;,&quot;scroll_wheel_zoom&quot;:false,&quot;map_type&quot;:&quot;OSM&quot;,&quot;center_index&quot;:0}' class=\"wpmapblockrender\" style=\"\n\t\t\twidth: 100%;\n\t\t\theight: 250px;\n\t\t\"><\/div>\n        <\/div>\n<\/div>\n\n\n\n<iframe loading=\"lazy\" src=\"https:\/\/player.acast.com\/horchx\/episodes\/kopfkino-17\" frameborder=\"0\" width=\"100%\" height=\"110px\" allow=\"autoplay\"><\/iframe>\n\n\n\n<p>Raphaela Bardutzky entf\u00fchrt uns auf eine Kopfreise direkt in die R\u00e4ume eines Luxushotels.<\/p>\n\n\n\n<p>vor und hinter die Kulissen &#8211; nur heute scheint irgendwie alles ein bisschen anders zu sein.<\/p>\n\n\n\n<p>Weil, stell dir mal vor. Weil, stell dir mal vor, du w\u00e4rst \u2026 Fr\u00fchst\u00fcckskellnerin \u2026!<\/p>\n\n\n\n<p>Wie w\u00e4re es?<\/p>\n\n\n\n<p>20 Millionen im Jackpot.<\/p>\n\n\n\n<p>Und dazu eine Taube, die auf das Namensschild unserer Protagonistin kackt.<\/p>\n\n\n\n<p>Kannst du dir das Vorstellen? Kannst du?<\/p>\n\n\n\n<div class=\"wp-block-columns is-layout-flex wp-container-core-columns-is-layout-28f84493 wp-block-columns-is-layout-flex\">\n<div class=\"wp-block-column is-layout-flow wp-block-column-is-layout-flow\" style=\"flex-basis:50%\">\n<figure class=\"wp-block-pullquote\"><blockquote><p>Folge #16: Bernhard<\/p><cite>von Jan Geiger<br>(Isarvorstadt)<\/cite><\/blockquote><\/figure>\n<\/div>\n\n\n\n<div class=\"wp-block-column is-layout-flow wp-block-column-is-layout-flow\" style=\"flex-basis:50%\">\t\t<div id=\"wpmapblock_cb961f91\" data-settings='{&quot;map_marker&quot;:[{&quot;lat&quot;:&quot;48.1316453&quot;,&quot;lng&quot;:&quot;11.5671973&quot;,&quot;title&quot;:&quot;Folge #16: Bernhard&quot;,&quot;content&quot;:&quot;von Jan Geiger&quot;,&quot;iconType&quot;:&quot;default&quot;,&quot;customIconUrl&quot;:&quot;&quot;,&quot;customIconWidth&quot;:&quot;25&quot;,&quot;customIconHeight&quot;:&quot;40&quot;}],&quot;map_zoom&quot;:&quot;16&quot;,&quot;scroll_wheel_zoom&quot;:false,&quot;map_type&quot;:&quot;OSM&quot;,&quot;center_index&quot;:0}' class=\"wpmapblockrender\" style=\"\n\t\t\twidth: 100%;\n\t\t\theight: 250px;\n\t\t\"><\/div>\n        <\/div>\n<\/div>\n\n\n\n<iframe loading=\"lazy\" src=\"https:\/\/player.acast.com\/horchx\/episodes\/kopfkino-16\" frameborder=\"0\" width=\"100%\" height=\"110px\" allow=\"autoplay\"><\/iframe>\n\n\n\n<p>Bernhard, Bernhard \u2013 warum hei\u00dft du eigentlich Bernhard?<\/p>\n\n\n\n<p>Jan Geigers Protagonist l\u00e4uft nach Hause \u2013 aber \u2014 ist es noch das zu Hause?<\/p>\n\n\n\n<p>Gab es dieses Zu Hause jemals?<\/p>\n\n\n\n<p>Der Weg vom Holzplatz am Glockenbach entlang in das h\u00fcbsche Dreim\u00fchlenviertel wird&nbsp;<\/p>\n\n\n\n<p>zum Walk of Shame \u2013 ein Versuch folgt dem anderen die eigene Verantwortung zu erkennen.<\/p>\n\n\n\n<p>Ein Weg \u00fcber Sucht und Flucht und die Suche nach Geborgenheit.<\/p>\n\n\n\n<div class=\"wp-block-columns is-layout-flex wp-container-core-columns-is-layout-28f84493 wp-block-columns-is-layout-flex\">\n<div class=\"wp-block-column is-layout-flow wp-block-column-is-layout-flow\" style=\"flex-basis:50%\">\n<figure class=\"wp-block-pullquote\"><blockquote><p>Folge #15: FLAMINGOS. VIELLEICHT EINH\u00d6RNER ODER EINE OBERGRENZE F\u00dcR REICHTUM<\/p><cite>von Mehdi Moradpour<br>(Au)<\/cite><\/blockquote><\/figure>\n<\/div>\n\n\n\n<div class=\"wp-block-column is-layout-flow wp-block-column-is-layout-flow\" style=\"flex-basis:50%\">\n<p><meta charset=\"utf-8\"><\/p>\n\n\n\t\t<div id=\"wpmapblock_df014472\" data-settings='{&quot;map_marker&quot;:[{&quot;lat&quot;:&quot;48.1240896&quot;,&quot;lng&quot;:&quot;11.570906&quot;,&quot;title&quot;:&quot;Folge #15: FLAMINGOS. VIELLEICHT EINH\\u00d6RNER ODER EINE OBERGRENZE F\\u00dcR REICHTUM&quot;,&quot;content&quot;:&quot;von Mehdi Moradpour&quot;,&quot;iconType&quot;:&quot;default&quot;,&quot;customIconUrl&quot;:&quot;&quot;,&quot;customIconWidth&quot;:&quot;25&quot;,&quot;customIconHeight&quot;:&quot;40&quot;}],&quot;map_zoom&quot;:&quot;16&quot;,&quot;scroll_wheel_zoom&quot;:false,&quot;map_type&quot;:&quot;OSM&quot;,&quot;center_index&quot;:0}' class=\"wpmapblockrender\" style=\"\n\t\t\twidth: 100%;\n\t\t\theight: 250px;\n\t\t\"><\/div>\n        <\/div>\n<\/div>\n\n\n\n<iframe loading=\"lazy\" src=\"https:\/\/player.acast.com\/horchx\/episodes\/kopfkino-15\" frameborder=\"0\" width=\"100%\" height=\"110px\" allow=\"autoplay\"><\/iframe>\n\n\n\n<p><meta charset=\"utf-8\"><strong>Als Gaststimme:&nbsp;<\/strong>Mehdi Moradpour<\/p>\n\n\n\n<p>Es kommen immer mehr dazu<\/p>\n\n\n\n<p>neue K\u00f6pfe, R\u00fcmpfe, H\u00e4nde und Geb\u00e4rden<\/p>\n\n\n\n<p>bilden Reihen und schreiten in Richtung Fr\u00fchlingsanlagen \u2013<\/p>\n\n\n\n<p>Die Stadt w\u00e4chst und mit ihr die Frage:<\/p>\n\n\n\n<p>Braucht es eine Obergrenze f\u00fcr Reichtum?<\/p>\n\n\n\n<p>Hat irgendwer eine Idee?<\/p>\n\n\n\n<p>Irgendwer?<\/p>\n\n\n\n<p>Medhi Moradpour l\u00e4dt ein zum Morgenmagazin \u201eSchiffbruch mit Zebra\u201c live aus dem Open Air Studio auf der Weideninsel \u2013 der gro\u00dfen! Es geht um \u2013 wie letzte Woche schon angek\u00fcndigt \u2013 Reichtum. Und am Mikrophon wie immer Eure Zebra!<\/p>\n\n\n\n<div class=\"wp-block-columns is-layout-flex wp-container-core-columns-is-layout-28f84493 wp-block-columns-is-layout-flex\">\n<div class=\"wp-block-column is-layout-flow wp-block-column-is-layout-flow\" style=\"flex-basis:50%\">\n<figure class=\"wp-block-pullquote\"><blockquote><p>Folge #14: Das Leben ein Fest<\/p><cite>von Jule Ronstedt<br>(Haidhausen)<\/cite><\/blockquote><\/figure>\n<\/div>\n\n\n\n<div class=\"wp-block-column is-layout-flow wp-block-column-is-layout-flow\" style=\"flex-basis:50%\">\t\t<div id=\"wpmapblock_922c87f6\" data-settings='{&quot;map_marker&quot;:[{&quot;lat&quot;:&quot;48.1302028&quot;,&quot;lng&quot;:&quot;11.60067308677474&quot;,&quot;title&quot;:&quot;Folge #14: Das Leben ein Fest&quot;,&quot;content&quot;:&quot;von Jule Ronstedt&quot;,&quot;iconType&quot;:&quot;default&quot;,&quot;customIconUrl&quot;:&quot;&quot;,&quot;customIconWidth&quot;:&quot;25&quot;,&quot;customIconHeight&quot;:&quot;40&quot;}],&quot;map_zoom&quot;:&quot;16&quot;,&quot;scroll_wheel_zoom&quot;:false,&quot;map_type&quot;:&quot;OSM&quot;,&quot;center_index&quot;:0}' class=\"wpmapblockrender\" style=\"\n\t\t\twidth: 100%;\n\t\t\theight: 250px;\n\t\t\"><\/div>\n        <\/div>\n<\/div>\n\n\n\n<iframe loading=\"lazy\" src=\"https:\/\/player.acast.com\/horchx\/episodes\/kopfkino-14\" frameborder=\"0\" width=\"100%\" height=\"110px\" allow=\"autoplay\"><\/iframe>\n\n\n\n<p><strong>Als Gaststimme:&nbsp;<\/strong>Jule Ronstedt<\/p>\n\n\n\n<p>Der innere Schweinehund zerrt heftig an der Kette, nach all der Pandemie. Raus, Bewegung! Vielleicht sogar Party? Um den Bordeauplatz herum ist alles irgendwie zu lebendig und zu tot zugleich. In sch\u00f6ner Leichtigkeit f\u00fcgt sich jeder neue Wahnsinn in diese Stadt ein. Und zugleich sind an jeder Ecke diese Erinnerungen\u2026 Ein getriebener Spaziergang bis zum Bogenhausener Friedhof. Vielleicht ist dort wirklich endlich Party. Denn Friedh\u00f6fe haben ja nun einfach so etwas Relativierendes.<\/p>\n\n\n\n<p><\/p>\n\n\n\n<div class=\"wp-block-columns is-layout-flex wp-container-core-columns-is-layout-28f84493 wp-block-columns-is-layout-flex\">\n<div class=\"wp-block-column is-layout-flow wp-block-column-is-layout-flow\" style=\"flex-basis:50%\">\n<figure class=\"wp-block-pullquote\"><blockquote><p>Folge #13: Schwabing \u2013 Surabaya \u2013 Sendling&nbsp;<\/p><cite>von Lea Herman<br>(Schwabing, Surabaya, Sendling)<\/cite><\/blockquote><\/figure>\n<\/div>\n\n\n\n<div class=\"wp-block-column is-layout-flow wp-block-column-is-layout-flow\" style=\"flex-basis:50%\">\n<p><meta charset=\"utf-8\"><\/p>\n\n\n\t\t<div id=\"wpmapblock_1780611f\" data-settings='{&quot;map_marker&quot;:[{&quot;lat&quot;:&quot;48.16245155&quot;,&quot;lng&quot;:&quot;11.5896780546338&quot;,&quot;title&quot;:&quot;Folge #13: Schwabing \\u2013 Surabaya \\u2013 Sendling&quot;,&quot;content&quot;:&quot;von Lea Herman&quot;,&quot;iconType&quot;:&quot;default&quot;,&quot;customIconUrl&quot;:&quot;&quot;,&quot;customIconWidth&quot;:&quot;25&quot;,&quot;customIconHeight&quot;:&quot;40&quot;}],&quot;map_zoom&quot;:&quot;16&quot;,&quot;scroll_wheel_zoom&quot;:false,&quot;map_type&quot;:&quot;OSM&quot;,&quot;center_index&quot;:0}' class=\"wpmapblockrender\" style=\"\n\t\t\twidth: 100%;\n\t\t\theight: 250px;\n\t\t\"><\/div>\n        <\/div>\n<\/div>\n\n\n\n<iframe loading=\"lazy\" src=\"https:\/\/player.acast.com\/horchx\/episodes\/kopfkino-13\" frameborder=\"0\" width=\"100%\" height=\"110px\" allow=\"autoplay\"><\/iframe>\n\n\n\n<p>Am 29. Januar 1959 kam mit einem Konzert der Tielman Brothers der Rock \u2018n\u2018 Roll in M\u00fcnchen an. Um genau zu sein: der Indorock. Indonesischer Rock \u2019n\u2019 Roll. Die Landschaft der M\u00fcnchner Clubs nahm den neuen Sound fast schon zu gierig auf: Nachkriegsdeutschland wollte anders klingen, wild tanzen, Exotisches geboten bekommen.<\/p>\n\n\n\n<p>Aus der ersten Indorockband wurde eine Welle, ein Ph\u00e4nomen, das Deutschland ver\u00e4nderte. Und dann?<\/p>\n\n\n\n<p>Lea Herman begibt sich auf die Distanz auf eine sehr pers\u00f6nliche Spurensuche an die Orte von verschwundenen Baracken-Bars in den ehemaligen Bombenl\u00fccken in Schwabing, um den Hauptbahnhof und in Sendling. Und in den Aufnahmen der Bands, in denen ihr Vater und ihr Onkel die Republik rockten, bis die frisch get\u00fcnchten Fassaden br\u00f6ckelten.<\/p>\n\n\n\n<div class=\"wp-block-columns is-layout-flex wp-container-core-columns-is-layout-28f84493 wp-block-columns-is-layout-flex\">\n<div class=\"wp-block-column is-layout-flow wp-block-column-is-layout-flow\" style=\"flex-basis:50%\">\n<figure class=\"wp-block-pullquote is-style-default\"><blockquote><p>Folge #12: 48\u00b006\u201925.0&#8243; N 11\u00b039&#8217;23.0&#8243;E <\/p><cite>von Emre Akal<br>(NEUPERLACH, ALTSTADT)<\/cite><\/blockquote><\/figure>\n<\/div>\n\n\n\n<div class=\"wp-block-column is-layout-flow wp-block-column-is-layout-flow\" style=\"flex-basis:50%\">\t\t<div id=\"wpmapblock_5e6f3f5d\" data-settings='{&quot;map_marker&quot;:[{&quot;lat&quot;:&quot;48.1069029&quot;,&quot;lng&quot;:&quot;11.6563438&quot;,&quot;title&quot;:&quot;Folge #12: 48\\u00b006\\u201925.0&amp;quot; N 11\\u00b039&amp;#039;23.0&amp;quot;E&quot;,&quot;content&quot;:&quot;von Emre Akal&quot;,&quot;iconType&quot;:&quot;default&quot;,&quot;customIconUrl&quot;:&quot;&quot;,&quot;customIconWidth&quot;:&quot;25&quot;,&quot;customIconHeight&quot;:&quot;40&quot;},{&quot;lat&quot;:&quot;48.1427658&quot;,&quot;lng&quot;:&quot;11.5763171&quot;,&quot;title&quot;:&quot;Folge #12: 48\\u00b006\\u201925.0&amp;quot; N 11\\u00b039&amp;#039;23.0&amp;quot;E&quot;,&quot;content&quot;:&quot;von Emre Akal&quot;,&quot;iconType&quot;:&quot;default&quot;,&quot;customIconUrl&quot;:&quot;&quot;,&quot;customIconWidth&quot;:&quot;25&quot;,&quot;customIconHeight&quot;:&quot;40&quot;}],&quot;map_zoom&quot;:10,&quot;scroll_wheel_zoom&quot;:false,&quot;map_type&quot;:&quot;OSM&quot;,&quot;center_index&quot;:0}' class=\"wpmapblockrender\" style=\"\n\t\t\twidth: 100%;\n\t\t\theight: 250px;\n\t\t\"><\/div>\n        <\/div>\n<\/div>\n\n\n\n<iframe loading=\"lazy\" src=\"https:\/\/player.acast.com\/horchx\/episodes\/kopfkino-12\" frameborder=\"0\" width=\"100%\" height=\"110px\" allow=\"autoplay\"><\/iframe>\n\n\n\n<p>Irgendwas ist heute anders an der Stadt. Der Himmel in ein Nostradamus-Rot getaucht, das Verhalten der Menschen so seltsam, trotz Schnitzel und dem r\u00f6tlichen Getr\u00e4nk, das sie nur hier trinken w\u00fcrden: unter den bunten Schirmen am Odeonsplatz. Was geschieht hier? Emre Akals Figuren beobachten das Geschehen. Mal mehr an sich, mal mehr durch die Blicke der anderen. Und da ist etwas fremd. Vielleicht einfach diese Menschen hier? Oder man selbst?<\/p>\n\n\n\n<p>Oder die Antwort ist noch simpler: Aliens!<\/p>\n\n\n\n<p><strong>Konzept und Umsetzung:<\/strong>&nbsp;Henriette Fridoline Schmidt&nbsp;<br><strong>Kopf, Text und Weg:<\/strong>&nbsp;Emre Akal<br><strong>Textfassung, Sound &amp; Bearbeitung:<\/strong>&nbsp;Benno Heisel<br><strong>Produktionsleitung:&nbsp;<\/strong>Lisa Risch, Rat&amp;Tat Kulturb\u00fcro<br><strong>\u00d6ffentlichkeitsarbeit:<\/strong>&nbsp;Mandana Mansouri&nbsp;<\/p>\n\n\n\n<div class=\"wp-block-columns is-layout-flex wp-container-core-columns-is-layout-28f84493 wp-block-columns-is-layout-flex\">\n<div class=\"wp-block-column is-layout-flow wp-block-column-is-layout-flow\" style=\"flex-basis:50%\">\n<figure class=\"wp-block-pullquote is-style-default\"><blockquote><p>Folge #11: Outside Inside<\/p><cite>von Mira Mann<br>(DREIMN\u00dcHLENVIERTEL)<\/cite><\/blockquote><\/figure>\n<\/div>\n\n\n\n<div class=\"wp-block-column is-layout-flow wp-block-column-is-layout-flow\" style=\"flex-basis:50%\">\t\t<div id=\"wpmapblock_2ffbeebf\" data-settings='{&quot;map_marker&quot;:[{&quot;lat&quot;:&quot;48.12247645&quot;,&quot;lng&quot;:&quot;11.568227121891328&quot;,&quot;title&quot;:&quot;Folge #11: Outside Inside&quot;,&quot;content&quot;:&quot;von Mira Mann&quot;,&quot;iconType&quot;:&quot;default&quot;,&quot;customIconUrl&quot;:&quot;&quot;,&quot;customIconWidth&quot;:&quot;25&quot;,&quot;customIconHeight&quot;:&quot;40&quot;}],&quot;map_zoom&quot;:&quot;16&quot;,&quot;scroll_wheel_zoom&quot;:false,&quot;map_type&quot;:&quot;OSM&quot;,&quot;center_index&quot;:0}' class=\"wpmapblockrender\" style=\"\n\t\t\twidth: 100%;\n\t\t\theight: 250px;\n\t\t\"><\/div>\n        <\/div>\n<\/div>\n\n\n\n<iframe loading=\"lazy\" src=\"https:\/\/player.acast.com\/horchx\/episodes\/kopfkino-11\" frameborder=\"0\" width=\"100%\" height=\"110px\" allow=\"autoplay\"><\/iframe>\n\n\n\n<p id=\"u408855-7\">In ihrem Text&nbsp;<em>Outside Inside<\/em>&nbsp;ist Mira Mann entlang der Isar unterwegs, zwischen der Au und dem Glockenbachviertel. Ihr Text wandert\/flaniert\/stolziert\/tanzt dabei durch ein Nebelmeer aus Assoziationen und Gedanken: Versuche, dieses S\u00f6derbayern aus sich heraus zu halten und dennoch die Welt an sich heranzulassen.<\/p>\n\n\n\n<p id=\"u408855-10\">Konzept und Umsetzung: Henriette Fridoline Schmidt | Kopf, Text und Weg: Mira Mann | Sound &amp; Bearbeitung: Benno Heisel | Produktionsleitung: Lisa Risch, Rat&amp;Tat Kulturb\u00fcro | \u00d6ffentlichkeitsarbeit: Mandana Mansouri<\/p>\n\n\n\n<div class=\"wp-block-columns is-layout-flex wp-container-core-columns-is-layout-28f84493 wp-block-columns-is-layout-flex\">\n<div class=\"wp-block-column is-layout-flow wp-block-column-is-layout-flow\" style=\"flex-basis:50%\">\n<figure class=\"wp-block-pullquote is-style-default\" id=\"u406254-2\"><blockquote><p>Folge #10: Androide Augen, Westend<\/p><cite>von Nora Zapf<br>(WESTEND)<\/cite><\/blockquote><\/figure>\n<\/div>\n\n\n\n<div class=\"wp-block-column is-layout-flow wp-block-column-is-layout-flow\" style=\"flex-basis:50%\">\t\t<div id=\"wpmapblock_67010c67\" data-settings='{&quot;map_marker&quot;:[{&quot;lat&quot;:&quot;48.1419636&quot;,&quot;lng&quot;:&quot;11.548527&quot;,&quot;title&quot;:&quot;Folge #10: Androide Augen, Westend&quot;,&quot;content&quot;:&quot;von Nora Zapf&quot;,&quot;iconType&quot;:&quot;default&quot;,&quot;customIconUrl&quot;:&quot;&quot;,&quot;customIconWidth&quot;:&quot;25&quot;,&quot;customIconHeight&quot;:&quot;40&quot;}],&quot;map_zoom&quot;:&quot;16&quot;,&quot;scroll_wheel_zoom&quot;:false,&quot;map_type&quot;:&quot;OSM&quot;,&quot;center_index&quot;:0}' class=\"wpmapblockrender\" style=\"\n\t\t\twidth: 100%;\n\t\t\theight: 250px;\n\t\t\"><\/div>\n        \n\n\n<p><meta charset=\"utf-8\"><\/p>\n<\/div>\n<\/div>\n\n\n\n<iframe loading=\"lazy\" src=\"https:\/\/player.acast.com\/horchx\/episodes\/kopfkino-10\" frameborder=\"0\" width=\"100%\" height=\"110px\" allow=\"autoplay\"><\/iframe>\n\n\n\n<p id=\"u406254-4\">&#8222;\u2014 Sollen wir hier weiter? \u2014 Sie ist auf Wiederholung eingestellt. Beziehungsweise gibt sie erst Ruhe, wenn ich ihr antworte. Ich laufe mit meiner androiden Freundin (Klio ihr Name) auf die Hackerbr\u00fccke von der S-Bahnstation aus.&#8220;<\/p>\n\n\n\n<p id=\"u406254-7\">Stimme und Konzept: Henriette Fridoline Schmidt | Kopf, Text und Weg: Nora Zapf | Sound und Bearbeitung: Benno Heisel<\/p>\n\n\n\n<p><\/p>\n\n\n\n<div class=\"wp-block-columns is-layout-flex wp-container-core-columns-is-layout-28f84493 wp-block-columns-is-layout-flex\">\n<div class=\"wp-block-column is-layout-flow wp-block-column-is-layout-flow\" style=\"flex-basis:50%\">\n<figure class=\"wp-block-pullquote is-style-default\" id=\"u398177-2\"><blockquote><p>Folge #9: Nymphenburg<\/p><cite>von Theresa Seraphin<br>(NYMPHENBURG)<\/cite><\/blockquote><\/figure>\n<\/div>\n\n\n\n<div class=\"wp-block-column is-layout-flow wp-block-column-is-layout-flow\" style=\"flex-basis:50%\">\t\t<div id=\"wpmapblock_bda1c4a5\" data-settings='{&quot;map_marker&quot;:[{&quot;lat&quot;:&quot;48.158137&quot;,&quot;lng&quot;:&quot;11.5117031&quot;,&quot;title&quot;:&quot;Folge #9: Nymphenburg&quot;,&quot;content&quot;:&quot;von Theresa Seraphin&quot;,&quot;iconType&quot;:&quot;default&quot;,&quot;customIconUrl&quot;:&quot;&quot;,&quot;customIconWidth&quot;:&quot;25&quot;,&quot;customIconHeight&quot;:&quot;40&quot;}],&quot;map_zoom&quot;:&quot;16&quot;,&quot;scroll_wheel_zoom&quot;:false,&quot;map_type&quot;:&quot;OSM&quot;,&quot;center_index&quot;:0}' class=\"wpmapblockrender\" style=\"\n\t\t\twidth: 100%;\n\t\t\theight: 250px;\n\t\t\"><\/div>\n        <\/div>\n<\/div>\n\n\n\n<iframe loading=\"lazy\" src=\"https:\/\/player.acast.com\/horchx\/episodes\/kopfkino-9\" frameborder=\"0\" width=\"100%\" height=\"110px\" allow=\"autoplay\"><\/iframe>\n\n\n\n<p id=\"u398177-4\">Zur\u00fcck in Nymphenburg: Theresa Seraphin begibt sich mit ihrer besten Freundin, ihrer Wahlfamilie, in den Nymphenburger Schlosspark. Gerade ist schon das eigentlich verboten. Anlass genug sich viele Fragen zu stellen und Gedanken auszutauschen.<\/p>\n\n\n\n<p id=\"u398177-7\">Stimme und Konzept: Henriette Fridoline Schmidt | Kopf, Text und Weg: Theresa Seraphin | Sound und Bearbeitung: Benno Heisel | Technische Einrichtung und Soundberatung: Willy L\u00f6ster | Weg: Nymphenburger Schlosspark<\/p>\n\n\n\n<p><\/p>\n\n\n\n<div class=\"wp-block-columns is-layout-flex wp-container-core-columns-is-layout-28f84493 wp-block-columns-is-layout-flex\">\n<div class=\"wp-block-column is-layout-flow wp-block-column-is-layout-flow\" style=\"flex-basis:50%\">\n<figure class=\"wp-block-pullquote is-style-default\"><blockquote><p>Folge #8: Watscheln nach der verlorenen Zeit<\/p><cite>von Franz Furtner<br>(NYMPHENBURG)<\/cite><\/blockquote><\/figure>\n<\/div>\n\n\n\n<div class=\"wp-block-column is-layout-flow wp-block-column-is-layout-flow\" style=\"flex-basis:50%\">\t\t<div id=\"wpmapblock_1da539f3\" data-settings='{&quot;map_marker&quot;:[{&quot;lat&quot;:&quot;48.160849150000004&quot;,&quot;lng&quot;:&quot;11.50073807478218&quot;,&quot;title&quot;:&quot;Folge #8: Watscheln nach der verlorenen Zeit&quot;,&quot;content&quot;:&quot;von Franz Furtner&quot;,&quot;iconType&quot;:&quot;default&quot;,&quot;customIconUrl&quot;:&quot;&quot;,&quot;customIconWidth&quot;:&quot;25&quot;,&quot;customIconHeight&quot;:&quot;40&quot;}],&quot;map_zoom&quot;:&quot;16&quot;,&quot;scroll_wheel_zoom&quot;:false,&quot;map_type&quot;:&quot;OSM&quot;,&quot;center_index&quot;:0}' class=\"wpmapblockrender\" style=\"\n\t\t\twidth: 100%;\n\t\t\theight: 250px;\n\t\t\"><\/div>\n        <\/div>\n<\/div>\n\n\n\n<iframe loading=\"lazy\" src=\"https:\/\/player.acast.com\/horchx\/episodes\/kopfkino-8\" frameborder=\"0\" width=\"100%\" height=\"110px\" allow=\"autoplay\"><\/iframe>\n\n\n\n<p id=\"u390919-4\">Auf der Suche nach Erkenntnisgewinn l\u00e4sst Franz Furtner einen Josef in Memoriam an Franz Hessel durch den Nymphenburger Schlosspark &#8211; ja was denn nun? flanieren, defilieren, schlendern oder doch eher watscheln?<\/p>\n\n\n\n<p id=\"u390919-7\">Stimme und Konzept: Henriette Fridoline Schmidt | Kopf, Text und Weg: Franz Furtner | Sound und Bearbeitung: Benno Heisel | Technische Einrichtung und Soundberatung: Willy L\u00f6ster | Weg: Nymphenburger Schlosspark<\/p>\n\n\n\n<p><\/p>\n\n\n\n<div class=\"wp-block-columns is-layout-flex wp-container-core-columns-is-layout-28f84493 wp-block-columns-is-layout-flex\">\n<div class=\"wp-block-column is-layout-flow wp-block-column-is-layout-flow\" style=\"flex-basis:50%\">\n<figure class=\"wp-block-pullquote is-style-default\" id=\"u386480-2\"><blockquote><p>Folge #7: Plattenbauphilosophie<\/p><cite>von Emre Akal<br>(NEUPERLACH)<\/cite><\/blockquote><\/figure>\n<\/div>\n\n\n\n<div class=\"wp-block-column is-layout-flow wp-block-column-is-layout-flow\" style=\"flex-basis:50%\">\t\t<div id=\"wpmapblock_51cd9627\" data-settings='{&quot;map_marker&quot;:[{&quot;lat&quot;:&quot;48.1069734&quot;,&quot;lng&quot;:&quot;11.655197449904698&quot;,&quot;title&quot;:&quot;Folge #7: Plattenbauphilosophie&quot;,&quot;content&quot;:&quot;von Emre Akal&quot;,&quot;iconType&quot;:&quot;default&quot;,&quot;customIconUrl&quot;:&quot;&quot;,&quot;customIconWidth&quot;:&quot;25&quot;,&quot;customIconHeight&quot;:&quot;40&quot;}],&quot;map_zoom&quot;:&quot;16&quot;,&quot;scroll_wheel_zoom&quot;:false,&quot;map_type&quot;:&quot;OSM&quot;,&quot;center_index&quot;:0}' class=\"wpmapblockrender\" style=\"\n\t\t\twidth: 100%;\n\t\t\theight: 250px;\n\t\t\"><\/div>\n        <\/div>\n<\/div>\n\n\n\n<iframe loading=\"lazy\" src=\"https:\/\/player.acast.com\/horchx\/episodes\/kopfkino-7\" frameborder=\"0\" width=\"100%\" height=\"110px\" allow=\"autoplay\"><\/iframe>\n\n\n\n<p id=\"u386480-6\">Hand aufs Herz:&nbsp; Wer verweilt ab und zu auf einer Parkbank im Ostpark, wandert zum Karl-Marx-Zentrum, oder kauft 4 Flaschen Desinfektionsmittel, 1 Vaseline, 1 Gurke, 1 Aubergine und Latexhandschuhe beim Penny am Ostpark?<\/p>\n\n\n\n<p id=\"u386480-9\">Stimme und Konzept: Henriette Fridoline Schmidt | Kopf, Text und Weg: Emre Akal | Sound und Bearbeitung: Benno Heisel | Technische Einrichtung und Soundberatung: Willy L\u00f6ster<\/p>\n\n\n\n<p><\/p>\n\n\n\n<div class=\"wp-block-columns is-layout-flex wp-container-core-columns-is-layout-28f84493 wp-block-columns-is-layout-flex\">\n<div class=\"wp-block-column is-layout-flow wp-block-column-is-layout-flow\" style=\"flex-basis:50%\">\n<figure class=\"wp-block-pullquote is-style-default\" id=\"u382276-2\"><blockquote><p>Folge #6: Ge(h)f\u00e4hrten<\/p><cite>Lisa Samia H\u00f6gg<br>(MAXVORSTADT)<\/cite><\/blockquote><\/figure>\n<\/div>\n\n\n\n<div class=\"wp-block-column is-layout-flow wp-block-column-is-layout-flow\" style=\"flex-basis:50%\">\t\t<div id=\"wpmapblock_53c24b9c\" data-settings='{&quot;map_marker&quot;:[{&quot;lat&quot;:&quot;48.1580419&quot;,&quot;lng&quot;:&quot;11.5495128&quot;,&quot;title&quot;:&quot;Folge #6: Ge(h)f\\u00e4hrten&quot;,&quot;content&quot;:&quot;Lisa Samia H\\u00f6gg&quot;,&quot;iconType&quot;:&quot;default&quot;,&quot;customIconUrl&quot;:&quot;&quot;,&quot;customIconWidth&quot;:&quot;25&quot;,&quot;customIconHeight&quot;:&quot;40&quot;}],&quot;map_zoom&quot;:&quot;16&quot;,&quot;scroll_wheel_zoom&quot;:false,&quot;map_type&quot;:&quot;OSM&quot;,&quot;center_index&quot;:0}' class=\"wpmapblockrender\" style=\"\n\t\t\twidth: 100%;\n\t\t\theight: 250px;\n\t\t\"><\/div>\n        <\/div>\n<\/div>\n\n\n\n<iframe loading=\"lazy\" src=\"https:\/\/player.acast.com\/horchx\/episodes\/kopfkino-6\" frameborder=\"0\" width=\"100%\" height=\"110px\" allow=\"autoplay\"><\/iframe>\n\n\n\n<p id=\"u382276-4\">Dieses Mal f\u00fchrt uns der Weg \u00fcber das Kreativquartier zur Halle 6 \u2013 eigentlich nur der Weg zum Arbeitsplatz, dem Schreibtisch im 1. Stock. Bevor sie aber an den Schreibtisch kommt, muss Lisa sich allerdings wundern\u2026<\/p>\n\n\n\n<p id=\"u382276-7\">Konzeption und Umsetzung: Henriette Fridoline Schmidt | Text und Weg: Lisa Samia H\u00f6gg | Sound und Schnitt: Benno Heisel | Technische Einrichtung und Soundberatung: Willy L\u00f6ster<\/p>\n\n\n\n<p><\/p>\n\n\n\n<div class=\"wp-block-columns is-layout-flex wp-container-core-columns-is-layout-28f84493 wp-block-columns-is-layout-flex\">\n<div class=\"wp-block-column is-layout-flow wp-block-column-is-layout-flow\" style=\"flex-basis:50%\">\n<figure class=\"wp-block-pullquote is-style-default\" id=\"u382011-2\"><blockquote><p>Folge #5: Weitergehen<\/p><cite>von Gerlinde Geller<br>(GLOCKENBACHVIERTEL)<\/cite><\/blockquote><\/figure>\n<\/div>\n\n\n\n<div class=\"wp-block-column is-layout-flow wp-block-column-is-layout-flow\" style=\"flex-basis:50%\">\t\t<div id=\"wpmapblock_acb74dc3\" data-settings='{&quot;map_marker&quot;:[{&quot;lat&quot;:&quot;48.1317536&quot;,&quot;lng&quot;:&quot;11.5674515&quot;,&quot;title&quot;:&quot;Folge #5: Weitergehen&quot;,&quot;content&quot;:&quot;von Gerlinde Geller&quot;,&quot;iconType&quot;:&quot;default&quot;,&quot;customIconUrl&quot;:&quot;&quot;,&quot;customIconWidth&quot;:&quot;25&quot;,&quot;customIconHeight&quot;:&quot;40&quot;}],&quot;map_zoom&quot;:&quot;16&quot;,&quot;scroll_wheel_zoom&quot;:false,&quot;map_type&quot;:&quot;OSM&quot;,&quot;center_index&quot;:0}' class=\"wpmapblockrender\" style=\"\n\t\t\twidth: 100%;\n\t\t\theight: 250px;\n\t\t\"><\/div>\n        <\/div>\n<\/div>\n\n\n\n<iframe loading=\"lazy\" src=\"https:\/\/player.acast.com\/horchx\/episodes\/kopfkino-5\" frameborder=\"0\" width=\"100%\" height=\"110px\" allow=\"autoplay\"><\/iframe>\n\n\n\n<p id=\"u382011-4\">Wieder im Glockenbackviertel, aber ganz anders: Wie oft ist sie diesen Weg schon gegangen? Von der Pestalozzi am M\u00fchlbach entlang zu den Pflanzenstra\u00dfen und zur\u00fcck? Hunderte Male. Mit Kindern, dann ohne. Aber das geht noch genauer. Eine poetische Kurzstrecke.<\/p>\n\n\n\n<p id=\"u382011-7\">Konzeption und Umsetzung: Henriette Fridoline Schmidt | Text und Weg: Gerlinde Geller | Sound und Schnitt: Benno Heisel | Technische Einrichtung und Soundberatung: Willy L\u00f6ster<\/p>\n\n\n\n<p><\/p>\n\n\n\n<div class=\"wp-block-columns is-layout-flex wp-container-core-columns-is-layout-28f84493 wp-block-columns-is-layout-flex\">\n<div class=\"wp-block-column is-layout-flow wp-block-column-is-layout-flow\" style=\"flex-basis:100%\">\n<div class=\"wp-block-columns is-layout-flex wp-container-core-columns-is-layout-28f84493 wp-block-columns-is-layout-flex\">\n<div class=\"wp-block-column is-layout-flow wp-block-column-is-layout-flow\" style=\"flex-basis:50%\">\n<figure class=\"wp-block-pullquote is-style-default\" id=\"u380566-2\"><blockquote><p>Folge #4: Sunshine<\/p><cite>von Jan Geiger<br>(AU)<\/cite><\/blockquote><\/figure>\n<\/div>\n\n\n\n<div class=\"wp-block-column is-layout-flow wp-block-column-is-layout-flow\" style=\"flex-basis:50%\">\t\t<div id=\"wpmapblock_3bd2723d\" data-settings='{&quot;map_marker&quot;:[{&quot;lat&quot;:&quot;48.1314212&quot;,&quot;lng&quot;:&quot;11.5719201&quot;,&quot;title&quot;:&quot;Folge #4: Sunshine&quot;,&quot;content&quot;:&quot;von Jan Geiger&quot;,&quot;iconType&quot;:&quot;default&quot;,&quot;customIconUrl&quot;:&quot;&quot;,&quot;customIconWidth&quot;:&quot;25&quot;,&quot;customIconHeight&quot;:&quot;40&quot;}],&quot;map_zoom&quot;:&quot;16&quot;,&quot;scroll_wheel_zoom&quot;:false,&quot;map_type&quot;:&quot;OSM&quot;,&quot;center_index&quot;:0}' class=\"wpmapblockrender\" style=\"\n\t\t\twidth: 100%;\n\t\t\theight: 250px;\n\t\t\"><\/div>\n        <\/div>\n<\/div>\n<\/div>\n<\/div>\n\n\n\n<iframe loading=\"lazy\" src=\"https:\/\/player.acast.com\/horchx\/episodes\/kopfkino-4\" frameborder=\"0\" width=\"100%\" height=\"110px\" allow=\"autoplay\"><\/iframe>\n\n\n\n<p id=\"u380566-4\">Die Sonne geht auf und vergl\u00fcht dabei ein wenig. Wie eine der 80er-Jahre-Schwulenbars nach der anderen. Durch das Glockenbachviertel vorbei am verdunkelten Sunshine Pub durch die abgerissenen Hinterh\u00f6fe beim Seven bis hin zum Hausfrauenstrich in der Holzstra\u00dfe: das ist doch ein sch\u00f6ner Heimweg. Kein Grund zur Angst. Wirklich.<\/p>\n\n\n\n<p id=\"u380566-7\">Konzeption und Umsetzung: Henriette Fridoline Schmidt | Text und Weg: Jan Geiger | Sound und Schnitt: Benno Heisel | Technische Einrichtung und Soundberatung: Willy L\u00f6ster<\/p>\n\n\n\n<p><\/p>\n\n\n\n<div class=\"wp-block-columns is-layout-flex wp-container-core-columns-is-layout-28f84493 wp-block-columns-is-layout-flex\">\n<div class=\"wp-block-column is-layout-flow wp-block-column-is-layout-flow\" style=\"flex-basis:50%\">\n<figure class=\"wp-block-pullquote is-style-default\" id=\"u373124-2\"><blockquote><p>Folge #3: Seidenschwarz (Ausz\u00fcge)<\/p><cite>Von Sophia Klimanek<br>(AU)<\/cite><\/blockquote><\/figure>\n<\/div>\n\n\n\n<div class=\"wp-block-column is-layout-flow wp-block-column-is-layout-flow\" style=\"flex-basis:50%\">\t\t<div id=\"wpmapblock_04696e26\" data-settings='{&quot;map_marker&quot;:[{&quot;lat&quot;:&quot;48.127221500000005&quot;,&quot;lng&quot;:&quot;11.577096028296308&quot;,&quot;title&quot;:&quot;Folge #3: Seidenschwarz &quot;,&quot;content&quot;:&quot;Von Sophia Klimanek&quot;,&quot;iconType&quot;:&quot;default&quot;,&quot;customIconUrl&quot;:&quot;&quot;,&quot;customIconWidth&quot;:&quot;25&quot;,&quot;customIconHeight&quot;:&quot;40&quot;}],&quot;map_zoom&quot;:&quot;16&quot;,&quot;scroll_wheel_zoom&quot;:false,&quot;map_type&quot;:&quot;OSM&quot;,&quot;center_index&quot;:0}' class=\"wpmapblockrender\" style=\"\n\t\t\twidth: 100%;\n\t\t\theight: 250px;\n\t\t\"><\/div>\n        <\/div>\n<\/div>\n\n\n\n<iframe loading=\"lazy\" src=\"https:\/\/player.acast.com\/horchx\/episodes\/kopfkino-3\" frameborder=\"0\" width=\"100%\" height=\"110px\" allow=\"autoplay\"><\/iframe>\n\n\n\n<p id=\"u373124-6\">Nike stolpert durch ihr Studentenleben, ihrem Kopf-Kaspar hinterher. Von der Reichenbachbr\u00fccke \u00fcber den Stachus am alten botanischen Garten vorbei, immer und immer wieder die Gabelsbergerstra\u00dfe: Liebessehnsucht als Wiederholungszwang. Ein Auszug aus Sophia Klimaneks Roman&nbsp;<em>Seidenschwarz<\/em>.<\/p>\n\n\n\n<p id=\"u373124-11\">Konzeption und Umsetzung: Henriette Fridoline Schmidt | Text &amp; Weg: Sophia Klimanek |<br>Technische Einrichtung und Soundberatung: Willy L\u00f6ster | Sound: Benno Heisel<\/p>\n\n\n\n<p id=\"u373124-20\"><strong>Sophia Klimanek<\/strong>&nbsp;ist k\u00fcrzlich von M\u00fcnchen nach Jamel gezogen und schreibt dort an ihrem ersten Roman mit dem Arbeitstitel&nbsp;<em>Seidenschwarz<\/em>. Darauf angesprochen, dass sie doch eigentlich Rechtsanw\u00e4ltin ist, antwortet sie meistens: Naja, Goethe war ja auch Jurist\u2026<\/p>\n\n\n\n<div class=\"wp-block-columns is-layout-flex wp-container-core-columns-is-layout-28f84493 wp-block-columns-is-layout-flex\">\n<div class=\"wp-block-column is-layout-flow wp-block-column-is-layout-flow\" style=\"flex-basis:50%\">\n<figure class=\"wp-block-pullquote is-style-default\" id=\"u373121-2\"><blockquote><p>Folge #2: Das Gute, das Schlechte und das H\u00e4ssliche<\/p><cite>von Benno Heisel<br>(BOGENHAUSEN)<\/cite><\/blockquote><\/figure>\n<\/div>\n\n\n\n<div class=\"wp-block-column is-layout-flow wp-block-column-is-layout-flow\" style=\"flex-basis:50%\">\t\t<div id=\"wpmapblock_e92b6c9c\" data-settings='{&quot;map_marker&quot;:[{&quot;lat&quot;:&quot;48.1476363&quot;,&quot;lng&quot;:&quot;11.6010835&quot;,&quot;title&quot;:&quot;Folge #2: Das Gute, das Schlechte und das H\\u00e4ssliche&quot;,&quot;content&quot;:&quot;von Benno Heisel&quot;,&quot;iconType&quot;:&quot;default&quot;,&quot;customIconUrl&quot;:&quot;&quot;,&quot;customIconWidth&quot;:&quot;25&quot;,&quot;customIconHeight&quot;:&quot;40&quot;}],&quot;map_zoom&quot;:&quot;16&quot;,&quot;scroll_wheel_zoom&quot;:false,&quot;map_type&quot;:&quot;OSM&quot;,&quot;center_index&quot;:0}' class=\"wpmapblockrender\" style=\"\n\t\t\twidth: 100%;\n\t\t\theight: 250px;\n\t\t\"><\/div>\n        <\/div>\n<\/div>\n\n\n\n<iframe loading=\"lazy\" src=\"https:\/\/player.acast.com\/horchx\/episodes\/kopfkino-2\" frameborder=\"0\" width=\"100%\" height=\"110px\" allow=\"autoplay\"><\/iframe>\n\n\n\n<p id=\"u373121-4\">Eine Stadtf\u00fchrung als Hate-Trip: Benno Heisels Protagonistin ist Tourguide und selbsterkl\u00e4rter Racheengel der Geschichte. Folge ihrem wortgewaltigen Rant die Isar entlang, von der M\u00f6hlstra\u00dfe bis hin zum Friedensengel.<\/p>\n\n\n\n<p id=\"u373121-9\">Konzept und Umsetzung: Henriette Fridoline Schmidt | Technische Einrichtung und Soundberatung: Willy L\u00f6ster |<br>Text, Weg &amp; Sound: Benno Heisel<\/p>\n\n\n\n<p id=\"u373121-16\"><\/p>\n\n\n\n<div class=\"wp-block-columns is-layout-flex wp-container-core-columns-is-layout-28f84493 wp-block-columns-is-layout-flex\">\n<div class=\"wp-block-column is-layout-flow wp-block-column-is-layout-flow\" style=\"flex-basis:50%\">\n<figure class=\"wp-block-pullquote is-style-default\" id=\"u373118-2\"><blockquote><p>Folge #1: Sonst Ruhe vor blauem Himmel<\/p><cite>von Kathrin Diehl<br>(SCHWABING)<\/cite><\/blockquote><\/figure>\n<\/div>\n\n\n\n<div class=\"wp-block-column is-layout-flow wp-block-column-is-layout-flow\" style=\"flex-basis:50%\">\t\t<div id=\"wpmapblock_3d754139\" data-settings='{&quot;map_marker&quot;:[{&quot;lat&quot;:&quot;48.142794&quot;,&quot;lng&quot;:&quot;11.5777979&quot;,&quot;title&quot;:&quot;Folge #1: Sonst Ruhe vor blauem Himmel&quot;,&quot;content&quot;:&quot;von Kathrin Diehl&quot;,&quot;iconType&quot;:&quot;default&quot;,&quot;customIconUrl&quot;:&quot;&quot;,&quot;customIconWidth&quot;:&quot;25&quot;,&quot;customIconHeight&quot;:&quot;40&quot;}],&quot;map_zoom&quot;:&quot;16&quot;,&quot;scroll_wheel_zoom&quot;:false,&quot;map_type&quot;:&quot;OSM&quot;,&quot;center_index&quot;:0}' class=\"wpmapblockrender\" style=\"\n\t\t\twidth: 100%;\n\t\t\theight: 250px;\n\t\t\"><\/div>\n        <\/div>\n<\/div>\n\n\n\n<iframe loading=\"lazy\" src=\"https:\/\/player.acast.com\/horchx\/episodes\/kopfkino-1\" frameborder=\"0\" width=\"100%\" height=\"110px\" allow=\"autoplay\"><\/iframe>\n\n\n\n<p id=\"u373118-4\">Kathrin Diehls Text f\u00fchrt durch Schwabing, das Viertel der Toten. Von der Theatinerkirche zum Siegestor, \u00fcber die Leopoldstra\u00dfe zur M\u00fcnchner Freiheit. Leichen pflastern deinen Weg.<\/p>\n\n\n\n<p id=\"u373118-9\">Konzept und Umsetzung: Henriette Fridoline Schmidt | Technische Einrichtung und Soundberatung: Willy L\u00f6ster |<br>Text &amp; Weg: Kathrin Diehl | Sound: Benno Heisel<\/p>\n\n\n\n<p id=\"u373118-22\"><strong>Katrin Diehl<\/strong>&nbsp;kommt aus Mannheim. Studierte so allerlei, u.a. an der Hochschule f\u00fcr j\u00fcdische Studien in Heidelberg. Besuchte die Deutsche Journalistenschule in M\u00fcnchen. Promovierte. Ist als freie Journalistin f\u00fcr Print und Funkt t\u00e4tig im Bereich Menschen und Kultur. Berichtet f\u00fcr die J\u00fcdische Allgemeine Wochenzeitung \u00fcber Geschichten aus M\u00fcnchen. Schreibt. U.a. auch Theaterst\u00fccke.&nbsp;<em>Das Postamt<\/em>&nbsp;kommt im M\u00fcnchner HochX auf die B\u00fchne, ein St\u00fcck, das Einblick gibt ins Warschauer Ghetto, ebenso&nbsp;<em>Das Urteil<\/em>&nbsp;im Einstein Kultur.&nbsp;<em>du oder ich &#8211; tot<\/em>&nbsp;f\u00fchrt auf der M\u00fcnchner Studiob\u00fchne ein in die Gehirnwindungen eines Amokl\u00e4ufers. Ihre Gruppe Stegreif bricht mit unp\u00e4dagogischen 20-Minuten-St\u00fccken in Schulen ein und verwirrt Sch\u00fcler wie Lehrer. Lehrer noch ein bisschen mehr. Leitet einen Lyrik-Kurs f\u00fcr Blinde. etc.<\/p>\n","protected":false},"excerpt":{"rendered":"<div class=\"entry-summary\">\nFolge #25: Irrfahrten von Markus Ostermair(Kreuzviertel \/ Feierbanane) Die schwarze, namenlose, aufdruckslose Plastikt\u00fcte kommt als diskrete Verpackung bei ihren ersten Besitzern an. Dies ist der Beginn einer Reise, die lange dauern wird. Reissfest wie sie ist, dient sie nicht nur als Transport- und Aufbewahrungsmittel. Sie ist ebenso aufmerksame Beobachterin ihrer Besitzer:innen, Inhalte und Umgebungen.&nbsp;Nach langen&hellip;\n<\/div>\n<div class=\"link-more\"><a href=\"https:\/\/www.kopfkino-podcast.de\/?page_id=76\" class=\"more-link\">Continue reading<span class=\"screen-reader-text\"> &ldquo;Alle Folgen&rdquo;<\/span>&hellip;<\/a><\/div>\n","protected":false},"author":3,"featured_media":0,"parent":0,"menu_order":0,"comment_status":"closed","ping_status":"closed","template":"","meta":{"footnotes":""},"class_list":["post-76","page","type-page","status-publish","hentry","entry"],"_links":{"self":[{"href":"https:\/\/www.kopfkino-podcast.de\/index.php?rest_route=\/wp\/v2\/pages\/76","targetHints":{"allow":["GET"]}}],"collection":[{"href":"https:\/\/www.kopfkino-podcast.de\/index.php?rest_route=\/wp\/v2\/pages"}],"about":[{"href":"https:\/\/www.kopfkino-podcast.de\/index.php?rest_route=\/wp\/v2\/types\/page"}],"author":[{"embeddable":true,"href":"https:\/\/www.kopfkino-podcast.de\/index.php?rest_route=\/wp\/v2\/users\/3"}],"replies":[{"embeddable":true,"href":"https:\/\/www.kopfkino-podcast.de\/index.php?rest_route=%2Fwp%2Fv2%2Fcomments&post=76"}],"version-history":[{"count":55,"href":"https:\/\/www.kopfkino-podcast.de\/index.php?rest_route=\/wp\/v2\/pages\/76\/revisions"}],"predecessor-version":[{"id":735,"href":"https:\/\/www.kopfkino-podcast.de\/index.php?rest_route=\/wp\/v2\/pages\/76\/revisions\/735"}],"wp:attachment":[{"href":"https:\/\/www.kopfkino-podcast.de\/index.php?rest_route=%2Fwp%2Fv2%2Fmedia&parent=76"}],"curies":[{"name":"wp","href":"https:\/\/api.w.org\/{rel}","templated":true}]}}