{"id":758,"date":"2023-06-14T15:16:30","date_gmt":"2023-06-14T13:16:30","guid":{"rendered":"https:\/\/www.kopfkino-podcast.de\/?page_id=758"},"modified":"2023-08-21T09:54:37","modified_gmt":"2023-08-21T07:54:37","slug":"feedback-neuperlach","status":"publish","type":"page","link":"https:\/\/www.kopfkino-podcast.de\/?page_id=758","title":{"rendered":"FeedBack Neuperlach"},"content":{"rendered":"\n<p>Wo und wie wird gelebt, erlebt, geliebt und gestritten? Geschichten \u00fcber Orte, Menschen und Erlebnisse in Neuperlach. Von Architekturstudierende der Hochschule M\u00fcnchen, den K\u00fcnstler*innen Henriette F. Schmidt und Benno Heisel und Sch\u00fcler*innen der Mittelschule an der Albert-Schweitzer-Stra\u00dfe gesammelt und in Mini-H\u00f6rspiele (und einen Kurzfilm) verwandelt. Das sind Geschichten, die vor Ort den Blick auf den Stadtteil ver\u00e4ndern.<\/p>\n\n\n\n<h5 class=\"wp-block-heading\">Treffpunkt vor dem SHAERE, Fritz-Sch\u00e4ffer-Str. 9<br>28. &amp; 30.6.2023 &#8211; je 18 Uhr<br>Im Rahmen der Stadtteilkulturtage Neuperlach<\/h5>\n\n\n\n<h5 class=\"wp-block-heading\">Kostenfrei<\/h5>\n\n\n\n<figure class=\"wp-block-gallery has-nested-images columns-4 is-cropped wp-block-gallery-1 is-layout-flex wp-block-gallery-is-layout-flex\">\n<figure class=\"wp-block-image size-large\"><a href=\"https:\/\/www.kopfkino-podcast.de\/wp-content\/uploads\/2023\/07\/20230628-PEARL_Audiowalk-101-scaled.jpg\"><img loading=\"lazy\" decoding=\"async\" width=\"1024\" height=\"768\" data-id=\"816\" src=\"https:\/\/www.kopfkino-podcast.de\/wp-content\/uploads\/2023\/07\/20230628-PEARL_Audiowalk-101-1024x768.jpg\" alt=\"\" class=\"wp-image-816\" srcset=\"https:\/\/www.kopfkino-podcast.de\/wp-content\/uploads\/2023\/07\/20230628-PEARL_Audiowalk-101-1024x768.jpg 1024w, https:\/\/www.kopfkino-podcast.de\/wp-content\/uploads\/2023\/07\/20230628-PEARL_Audiowalk-101-300x225.jpg 300w, https:\/\/www.kopfkino-podcast.de\/wp-content\/uploads\/2023\/07\/20230628-PEARL_Audiowalk-101-768x576.jpg 768w, https:\/\/www.kopfkino-podcast.de\/wp-content\/uploads\/2023\/07\/20230628-PEARL_Audiowalk-101-1536x1152.jpg 1536w, https:\/\/www.kopfkino-podcast.de\/wp-content\/uploads\/2023\/07\/20230628-PEARL_Audiowalk-101-2048x1536.jpg 2048w\" sizes=\"auto, (max-width: 1024px) 100vw, 1024px\" \/><\/a><figcaption class=\"wp-element-caption\">Foto: Patrik Thomas<\/figcaption><\/figure>\n\n\n\n<figure class=\"wp-block-image size-large\"><a href=\"https:\/\/www.kopfkino-podcast.de\/wp-content\/uploads\/2023\/07\/20230628-PEARL_Audiowalk-71-scaled.jpg\"><img loading=\"lazy\" decoding=\"async\" width=\"1024\" height=\"768\" data-id=\"812\" src=\"https:\/\/www.kopfkino-podcast.de\/wp-content\/uploads\/2023\/07\/20230628-PEARL_Audiowalk-71-1024x768.jpg\" alt=\"\" class=\"wp-image-812\" srcset=\"https:\/\/www.kopfkino-podcast.de\/wp-content\/uploads\/2023\/07\/20230628-PEARL_Audiowalk-71-1024x768.jpg 1024w, https:\/\/www.kopfkino-podcast.de\/wp-content\/uploads\/2023\/07\/20230628-PEARL_Audiowalk-71-300x225.jpg 300w, https:\/\/www.kopfkino-podcast.de\/wp-content\/uploads\/2023\/07\/20230628-PEARL_Audiowalk-71-768x576.jpg 768w, https:\/\/www.kopfkino-podcast.de\/wp-content\/uploads\/2023\/07\/20230628-PEARL_Audiowalk-71-1536x1152.jpg 1536w, https:\/\/www.kopfkino-podcast.de\/wp-content\/uploads\/2023\/07\/20230628-PEARL_Audiowalk-71-2048x1536.jpg 2048w\" sizes=\"auto, (max-width: 1024px) 100vw, 1024px\" \/><\/a><figcaption class=\"wp-element-caption\">Foto: Patrik Thomas<\/figcaption><\/figure>\n\n\n\n<figure class=\"wp-block-image size-large\"><a href=\"https:\/\/www.kopfkino-podcast.de\/wp-content\/uploads\/2023\/07\/20230628-PEARL_Audiowalk-99-scaled.jpg\"><img loading=\"lazy\" decoding=\"async\" width=\"1024\" height=\"768\" data-id=\"814\" src=\"https:\/\/www.kopfkino-podcast.de\/wp-content\/uploads\/2023\/07\/20230628-PEARL_Audiowalk-99-1024x768.jpg\" alt=\"\" class=\"wp-image-814\" srcset=\"https:\/\/www.kopfkino-podcast.de\/wp-content\/uploads\/2023\/07\/20230628-PEARL_Audiowalk-99-1024x768.jpg 1024w, https:\/\/www.kopfkino-podcast.de\/wp-content\/uploads\/2023\/07\/20230628-PEARL_Audiowalk-99-300x225.jpg 300w, https:\/\/www.kopfkino-podcast.de\/wp-content\/uploads\/2023\/07\/20230628-PEARL_Audiowalk-99-768x576.jpg 768w, https:\/\/www.kopfkino-podcast.de\/wp-content\/uploads\/2023\/07\/20230628-PEARL_Audiowalk-99-1536x1152.jpg 1536w, https:\/\/www.kopfkino-podcast.de\/wp-content\/uploads\/2023\/07\/20230628-PEARL_Audiowalk-99-2048x1536.jpg 2048w\" sizes=\"auto, (max-width: 1024px) 100vw, 1024px\" \/><\/a><figcaption class=\"wp-element-caption\">Foto: Patrik Thomas<\/figcaption><\/figure>\n\n\n\n<figure class=\"wp-block-image size-large\"><a href=\"https:\/\/www.kopfkino-podcast.de\/wp-content\/uploads\/2023\/07\/20230628-PEARL_Audiowalk-20-scaled.jpg\"><img loading=\"lazy\" decoding=\"async\" width=\"1024\" height=\"768\" data-id=\"818\" src=\"https:\/\/www.kopfkino-podcast.de\/wp-content\/uploads\/2023\/07\/20230628-PEARL_Audiowalk-20-1024x768.jpg\" alt=\"\" class=\"wp-image-818\" srcset=\"https:\/\/www.kopfkino-podcast.de\/wp-content\/uploads\/2023\/07\/20230628-PEARL_Audiowalk-20-1024x768.jpg 1024w, https:\/\/www.kopfkino-podcast.de\/wp-content\/uploads\/2023\/07\/20230628-PEARL_Audiowalk-20-300x225.jpg 300w, https:\/\/www.kopfkino-podcast.de\/wp-content\/uploads\/2023\/07\/20230628-PEARL_Audiowalk-20-768x576.jpg 768w, https:\/\/www.kopfkino-podcast.de\/wp-content\/uploads\/2023\/07\/20230628-PEARL_Audiowalk-20-1536x1152.jpg 1536w, https:\/\/www.kopfkino-podcast.de\/wp-content\/uploads\/2023\/07\/20230628-PEARL_Audiowalk-20-2048x1536.jpg 2048w\" sizes=\"auto, (max-width: 1024px) 100vw, 1024px\" \/><\/a><figcaption class=\"wp-element-caption\">Foto: Patrik Thomas<\/figcaption><\/figure>\n<\/figure>\n\n\n\n<p><\/p>\n\n\n\n<hr class=\"wp-block-separator has-alpha-channel-opacity\"\/>\n\n\n\n<h3 class=\"wp-block-heading\">Wir sind Neuperlacher<\/h3>\n\n\n\n<p>von Maryia Satsura und Marco Benaglia<\/p>\n\n\n\n<div class=\"wp-block-columns is-layout-flex wp-container-core-columns-is-layout-28f84493 wp-block-columns-is-layout-flex\">\n<div class=\"wp-block-column is-layout-flow wp-block-column-is-layout-flow\" style=\"flex-basis:50%\">\n<iframe loading=\"lazy\" src=\"https:\/\/embed.acast.com\/6026794ab1c4230ec203204d\/649969e97f7e0200115b12a4\" frameborder=\"0\" width=\"100%\" height=\"300px\"><\/iframe>\n<\/div>\n\n\n\n<div class=\"wp-block-column is-layout-flow wp-block-column-is-layout-flow\" style=\"flex-basis:50%\">\t\t<div id=\"wpmapblock_5c9398f0\" data-settings='{&quot;map_marker&quot;:[{&quot;lat&quot;:&quot;48.104515345471&quot;,&quot;lng&quot;:&quot;11.649949550629&quot;,&quot;title&quot;:&quot;Wir sind Neuperlacher&quot;,&quot;content&quot;:&quot;Schr\\u00e4ge W\\u00e4nde (das Monument)&quot;,&quot;iconType&quot;:&quot;default&quot;,&quot;customIconUrl&quot;:&quot;&quot;,&quot;customIconWidth&quot;:&quot;25&quot;,&quot;customIconHeight&quot;:&quot;40&quot;},{&quot;lat&quot;:&quot;48.101656655756&quot;,&quot;lng&quot;:&quot;11.644306182861&quot;,&quot;title&quot;:&quot;Wir sind Neuperlacher&quot;,&quot;content&quot;:&quot;hinter dem PEP&quot;,&quot;iconType&quot;:&quot;default&quot;,&quot;customIconUrl&quot;:&quot;&quot;,&quot;customIconWidth&quot;:&quot;25&quot;,&quot;customIconHeight&quot;:&quot;40&quot;},{&quot;lat&quot;:&quot;48.1009454&quot;,&quot;lng&quot;:&quot;11.644612040685985&quot;,&quot;title&quot;:&quot;Wir sind Neuperlacher&quot;,&quot;content&quot;:&quot;Kaufland im PEP&quot;,&quot;iconType&quot;:&quot;default&quot;,&quot;customIconUrl&quot;:&quot;&quot;,&quot;customIconWidth&quot;:&quot;25&quot;,&quot;customIconHeight&quot;:&quot;40&quot;}],&quot;map_zoom&quot;:&quot;14&quot;,&quot;scroll_wheel_zoom&quot;:false,&quot;map_type&quot;:&quot;OSM&quot;,&quot;center_index&quot;:0}' class=\"wpmapblockrender\" style=\"\n\t\t\twidth: 100%;\n\t\t\theight: 300px;\n\t\t\"><\/div>\n        <\/div>\n<\/div>\n\n\n\n<p><\/p>\n\n\n\n<hr class=\"wp-block-separator has-alpha-channel-opacity\"\/>\n\n\n\n<h3 class=\"wp-block-heading\">Love Spots<\/h3>\n\n\n\n<p>von Gaye \u00c7elik, \u00d6znur Ba\u015fkaya<\/p>\n\n\n\n<div class=\"wp-block-columns is-layout-flex wp-container-core-columns-is-layout-28f84493 wp-block-columns-is-layout-flex\">\n<div class=\"wp-block-column is-layout-flow wp-block-column-is-layout-flow\" style=\"flex-basis:50%\">\n<iframe loading=\"lazy\" src=\"https:\/\/embed.acast.com\/6026794ab1c4230ec203204d\/649968c5d1fca80011a39bfc\" frameborder=\"0\" width=\"100%\" height=\"300px\"><\/iframe>\n<\/div>\n\n\n\n<div class=\"wp-block-column is-layout-flow wp-block-column-is-layout-flow\" style=\"flex-basis:50%\">\t\t<div id=\"wpmapblock_b86e4e93\" data-settings='{&quot;map_marker&quot;:[{&quot;lat&quot;:&quot;48.099904300000006&quot;,&quot;lng&quot;:&quot;11.646359938980762&quot;,&quot;title&quot;:&quot;Love Spots&quot;,&quot;content&quot;:&quot;Plaza Terrasse&quot;,&quot;iconType&quot;:&quot;default&quot;,&quot;customIconUrl&quot;:&quot;&quot;,&quot;customIconWidth&quot;:&quot;25&quot;,&quot;customIconHeight&quot;:&quot;40&quot;},{&quot;lat&quot;:&quot;48.101398721045&quot;,&quot;lng&quot;:&quot;11.642718315125&quot;,&quot;title&quot;:&quot;Love Spots&quot;,&quot;content&quot;:&quot;Die Hof-Durchg\\u00e4nge&quot;,&quot;iconType&quot;:&quot;default&quot;,&quot;customIconUrl&quot;:&quot;&quot;,&quot;customIconWidth&quot;:&quot;25&quot;,&quot;customIconHeight&quot;:&quot;40&quot;},{&quot;lat&quot;:&quot;48.1011547&quot;,&quot;lng&quot;:&quot;11.6457336&quot;,&quot;title&quot;:&quot;Love Spots&quot;,&quot;content&quot;:&quot;Treppe hinterm PEP&quot;,&quot;iconType&quot;:&quot;default&quot;,&quot;customIconUrl&quot;:&quot;&quot;,&quot;customIconWidth&quot;:&quot;25&quot;,&quot;customIconHeight&quot;:&quot;40&quot;},{&quot;lat&quot;:&quot;48.100195008615&quot;,&quot;lng&quot;:&quot;11.642439365387&quot;,&quot;title&quot;:&quot;Love Spots&quot;,&quot;content&quot;:&quot;der Spielplatz&quot;,&quot;iconType&quot;:&quot;default&quot;,&quot;customIconUrl&quot;:&quot;&quot;,&quot;customIconWidth&quot;:&quot;25&quot;,&quot;customIconHeight&quot;:&quot;40&quot;}],&quot;map_zoom&quot;:&quot;16&quot;,&quot;scroll_wheel_zoom&quot;:false,&quot;map_type&quot;:&quot;OSM&quot;,&quot;center_index&quot;:0}' class=\"wpmapblockrender\" style=\"\n\t\t\twidth: 100%;\n\t\t\theight: 300px;\n\t\t\"><\/div>\n        <\/div>\n<\/div>\n\n\n\n<p><\/p>\n\n\n\n<p><\/p>\n\n\n\n<hr class=\"wp-block-separator has-alpha-channel-opacity\"\/>\n\n\n\n<h3 class=\"wp-block-heading\">16 Blocks<\/h3>\n\n\n\n<p>von Kilian Dietrich und Nikita Vorozhko <\/p>\n\n\n\n<div class=\"wp-block-columns is-layout-flex wp-container-core-columns-is-layout-28f84493 wp-block-columns-is-layout-flex\">\n<div class=\"wp-block-column is-layout-flow wp-block-column-is-layout-flow\" style=\"flex-basis:50%\">\n<iframe loading=\"lazy\" src=\"https:\/\/embed.acast.com\/6026794ab1c4230ec203204d\/6499608a155fb6001238467d\" frameborder=\"0\" width=\"100%\" height=\"300px\"><\/iframe>\n<\/div>\n\n\n\n<div class=\"wp-block-column is-layout-flow wp-block-column-is-layout-flow\" style=\"flex-basis:50%\">\t\t<div id=\"wpmapblock_f3ad9672\" data-settings='{&quot;map_marker&quot;:[{&quot;lat&quot;:&quot;48.1011547&quot;,&quot;lng&quot;:&quot;11.6457336&quot;,&quot;title&quot;:&quot;16 Blocks&quot;,&quot;content&quot;:&quot;Das PEP&quot;,&quot;iconType&quot;:&quot;default&quot;,&quot;customIconUrl&quot;:&quot;&quot;,&quot;customIconWidth&quot;:&quot;25&quot;,&quot;customIconHeight&quot;:&quot;40&quot;},{&quot;lat&quot;:&quot;48.102244168877&quot;,&quot;lng&quot;:&quot;11.640486717224&quot;,&quot;title&quot;:&quot;16 Blocks&quot;,&quot;content&quot;:&quot;Die Blocks&quot;,&quot;iconType&quot;:&quot;default&quot;,&quot;customIconUrl&quot;:&quot;&quot;,&quot;customIconWidth&quot;:&quot;25&quot;,&quot;customIconHeight&quot;:&quot;40&quot;}],&quot;map_zoom&quot;:&quot;15&quot;,&quot;scroll_wheel_zoom&quot;:false,&quot;map_type&quot;:&quot;OSM&quot;,&quot;center_index&quot;:0}' class=\"wpmapblockrender\" style=\"\n\t\t\twidth: 100%;\n\t\t\theight: 300px;\n\t\t\"><\/div>\n        <\/div>\n<\/div>\n\n\n\n<hr class=\"wp-block-separator has-alpha-channel-opacity\"\/>\n\n\n\n<h3 class=\"wp-block-heading\">Auf zur Neuen Mitte<\/h3>\n\n\n\n<p>von Angelika Filser und Laura Fleischhacker<\/p>\n\n\n\n<div class=\"wp-block-columns is-layout-flex wp-container-core-columns-is-layout-28f84493 wp-block-columns-is-layout-flex\">\n<div class=\"wp-block-column is-layout-flow wp-block-column-is-layout-flow\" style=\"flex-basis:50%\">\n<iframe loading=\"lazy\" src=\"https:\/\/embed.acast.com\/6026794ab1c4230ec203204d\/64996806db3d6900119c4de1\" frameborder=\"0\" width=\"100%\" height=\"300px\"><\/iframe>\n<\/div>\n\n\n\n<div class=\"wp-block-column is-layout-flow wp-block-column-is-layout-flow\" style=\"flex-basis:50%\">\t\t<div id=\"wpmapblock_5b57cbfe\" data-settings='{&quot;map_marker&quot;:[{&quot;lat&quot;:&quot;48.10819205&quot;,&quot;lng&quot;:&quot;11.647709062225077&quot;,&quot;title&quot;:&quot;Auf zur neuen Mitte&quot;,&quot;content&quot;:&quot;Mittelschule&quot;,&quot;iconType&quot;:&quot;default&quot;,&quot;customIconUrl&quot;:&quot;&quot;,&quot;customIconWidth&quot;:&quot;25&quot;,&quot;customIconHeight&quot;:&quot;40&quot;},{&quot;lat&quot;:&quot;48.1009454&quot;,&quot;lng&quot;:&quot;11.644612040685985&quot;,&quot;title&quot;:&quot;Auf zur Neuen Mitte &quot;,&quot;content&quot;:&quot;das PEP&quot;,&quot;iconType&quot;:&quot;default&quot;,&quot;customIconUrl&quot;:&quot;&quot;,&quot;customIconWidth&quot;:&quot;25&quot;,&quot;customIconHeight&quot;:&quot;40&quot;},{&quot;lat&quot;:&quot;48.107259251468&quot;,&quot;lng&quot;:&quot;11.651537418365&quot;,&quot;title&quot;:&quot;Auf zur Neuen Mitte&quot;,&quot;content&quot;:&quot;die Wohnblocks&quot;,&quot;iconType&quot;:&quot;default&quot;,&quot;customIconUrl&quot;:&quot;&quot;,&quot;customIconWidth&quot;:&quot;25&quot;,&quot;customIconHeight&quot;:&quot;40&quot;},{&quot;lat&quot;:&quot;48.099904300000006&quot;,&quot;lng&quot;:&quot;11.646359938980762&quot;,&quot;title&quot;:&quot;Auf zur Neuen Mitte&quot;,&quot;content&quot;:&quot;Perlach Plaza&quot;,&quot;iconType&quot;:&quot;default&quot;,&quot;customIconUrl&quot;:&quot;&quot;,&quot;customIconWidth&quot;:&quot;25&quot;,&quot;customIconHeight&quot;:&quot;40&quot;}],&quot;map_zoom&quot;:&quot;14&quot;,&quot;scroll_wheel_zoom&quot;:false,&quot;map_type&quot;:&quot;OSM&quot;,&quot;center_index&quot;:0}' class=\"wpmapblockrender\" style=\"\n\t\t\twidth: 100%;\n\t\t\theight: 300px;\n\t\t\"><\/div>\n        <\/div>\n<\/div>\n\n\n\n<p><\/p>\n\n\n\n<hr class=\"wp-block-separator has-alpha-channel-opacity\"\/>\n\n\n\n<p><\/p>\n\n\n\n<h3 class=\"wp-block-heading\">Parallelwelten<\/h3>\n\n\n\n<p>von Florian Fox, Roxy Wenner und Leonie Hoch<\/p>\n\n\n\n<div class=\"wp-block-columns is-layout-flex wp-container-core-columns-is-layout-28f84493 wp-block-columns-is-layout-flex\">\n<div class=\"wp-block-column is-layout-flow wp-block-column-is-layout-flow\" style=\"flex-basis:50%\">\n<figure class=\"wp-block-embed is-type-video is-provider-vimeo wp-block-embed-vimeo\"><div class=\"wp-block-embed__wrapper\">\n<iframe loading=\"lazy\" title=\"FeedBack Neuperlach - Parallelwelten\" src=\"https:\/\/player.vimeo.com\/video\/838421514?h=9d4c41ae23&amp;dnt=1&amp;app_id=122963\" width=\"563\" height=\"1000\" frameborder=\"0\" allow=\"autoplay; fullscreen; picture-in-picture\"><\/iframe>\n<\/div><\/figure>\n\n\n\n<p><\/p>\n<\/div>\n\n\n\n<div class=\"wp-block-column is-layout-flow wp-block-column-is-layout-flow\" style=\"flex-basis:50%\">\t\t<div id=\"wpmapblock_87a2df8d\" data-settings='{&quot;map_marker&quot;:[{&quot;lat&quot;:&quot;48.098341500000004&quot;,&quot;lng&quot;:&quot;11.641674447898414&quot;,&quot;title&quot;:&quot;Parallelwelten&quot;,&quot;content&quot;:&quot;Der Friedhof&quot;,&quot;iconType&quot;:&quot;default&quot;,&quot;customIconUrl&quot;:&quot;&quot;,&quot;customIconWidth&quot;:&quot;25&quot;,&quot;customIconHeight&quot;:&quot;40&quot;},{&quot;lat&quot;:&quot;48.10819205&quot;,&quot;lng&quot;:&quot;11.647709062225077&quot;,&quot;title&quot;:&quot;Parallelwelten &quot;,&quot;content&quot;:&quot;die Schule&quot;,&quot;iconType&quot;:&quot;default&quot;,&quot;customIconUrl&quot;:&quot;&quot;,&quot;customIconWidth&quot;:&quot;25&quot;,&quot;customIconHeight&quot;:&quot;40&quot;}],&quot;map_zoom&quot;:&quot;16&quot;,&quot;scroll_wheel_zoom&quot;:false,&quot;map_type&quot;:&quot;OSM&quot;,&quot;center_index&quot;:0}' class=\"wpmapblockrender\" style=\"\n\t\t\twidth: 100%;\n\t\t\theight: 1000px;\n\t\t\"><\/div>\n        <\/div>\n<\/div>\n\n\n\n<hr class=\"wp-block-separator has-alpha-channel-opacity\"\/>\n\n\n\n<p>Ein Projekt &nbsp;der Professur &#8222;St\u00e4dtebau und Theorie der Stadt\u201c &nbsp;im &nbsp;Studiengang Architektur, der Hochschule M\u00fcnchen&nbsp;<\/p>\n\n\n\n<p>In Kooperation mit <a href=\"https:\/\/www.muenchner-kammerspiele.de\/de\/mk-forscht\/14593-theaterlabor-neuperlach\">M\u00fcnchner Kammerspiele &#8211; MK: Theaterlabor Neuperlach<\/a>, Mittelschule an der Albert-Schweizer-Strasse und Kopfkino &#8211; Stadtspazierg\u00e4nge.<\/p>\n\n\n\n<p>Im Rahmen des EU Forschungsprojektes &#8222;Creating NEBourhoods Together\u201c und dem Teilprojekt PEARL, Orte f\u00fcr Jugendkultur gemeinsam entwicklen.<\/p>\n\n\n\n<div class=\"wp-block-columns is-layout-flex wp-container-core-columns-is-layout-28f84493 wp-block-columns-is-layout-flex\">\n<div class=\"wp-block-column is-layout-flow wp-block-column-is-layout-flow\" style=\"flex-basis:25%\">\n<figure class=\"wp-block-image size-full\"><img loading=\"lazy\" decoding=\"async\" width=\"356\" height=\"96\" src=\"https:\/\/www.kopfkino-podcast.de\/wp-content\/uploads\/2023\/06\/image.png\" alt=\"\" class=\"wp-image-789\" srcset=\"https:\/\/www.kopfkino-podcast.de\/wp-content\/uploads\/2023\/06\/image.png 356w, https:\/\/www.kopfkino-podcast.de\/wp-content\/uploads\/2023\/06\/image-300x81.png 300w\" sizes=\"auto, (max-width: 356px) 100vw, 356px\" \/><\/figure>\n<\/div>\n\n\n\n<div class=\"wp-block-column is-layout-flow wp-block-column-is-layout-flow\" style=\"flex-basis:25%\">\n<figure class=\"wp-block-image size-full\"><img loading=\"lazy\" decoding=\"async\" width=\"774\" height=\"362\" src=\"https:\/\/www.kopfkino-podcast.de\/wp-content\/uploads\/2023\/08\/image-1.png\" alt=\"\" class=\"wp-image-828\" srcset=\"https:\/\/www.kopfkino-podcast.de\/wp-content\/uploads\/2023\/08\/image-1.png 774w, https:\/\/www.kopfkino-podcast.de\/wp-content\/uploads\/2023\/08\/image-1-300x140.png 300w, https:\/\/www.kopfkino-podcast.de\/wp-content\/uploads\/2023\/08\/image-1-768x359.png 768w\" sizes=\"auto, (max-width: 774px) 100vw, 774px\" \/><\/figure>\n<\/div>\n\n\n\n<div class=\"wp-block-column is-layout-flow wp-block-column-is-layout-flow\" style=\"flex-basis:25%\">\n<figure class=\"wp-block-image size-full\"><img loading=\"lazy\" decoding=\"async\" width=\"253\" height=\"200\" src=\"https:\/\/www.kopfkino-podcast.de\/wp-content\/uploads\/2023\/06\/image-1.png\" alt=\"\" class=\"wp-image-790\"\/><\/figure>\n<\/div>\n\n\n\n<div class=\"wp-block-column is-layout-flow wp-block-column-is-layout-flow\" style=\"flex-basis:25%\">\n<figure class=\"wp-block-image size-large\"><img loading=\"lazy\" decoding=\"async\" width=\"1024\" height=\"279\" src=\"https:\/\/www.kopfkino-podcast.de\/wp-content\/uploads\/2023\/06\/image-2-1024x279.png\" alt=\"\" class=\"wp-image-791\" srcset=\"https:\/\/www.kopfkino-podcast.de\/wp-content\/uploads\/2023\/06\/image-2-1024x279.png 1024w, https:\/\/www.kopfkino-podcast.de\/wp-content\/uploads\/2023\/06\/image-2-300x82.png 300w, https:\/\/www.kopfkino-podcast.de\/wp-content\/uploads\/2023\/06\/image-2-768x209.png 768w, https:\/\/www.kopfkino-podcast.de\/wp-content\/uploads\/2023\/06\/image-2-1536x419.png 1536w, https:\/\/www.kopfkino-podcast.de\/wp-content\/uploads\/2023\/06\/image-2.png 2000w\" sizes=\"auto, (max-width: 1024px) 100vw, 1024px\" \/><\/figure>\n<\/div>\n<\/div>\n","protected":false},"excerpt":{"rendered":"<div class=\"entry-summary\">\nWo und wie wird gelebt, erlebt, geliebt und gestritten? Geschichten \u00fcber Orte, Menschen und Erlebnisse in Neuperlach. Von Architekturstudierende der Hochschule M\u00fcnchen, den K\u00fcnstler*innen Henriette F. Schmidt und Benno Heisel und Sch\u00fcler*innen der Mittelschule an der Albert-Schweitzer-Stra\u00dfe gesammelt und in Mini-H\u00f6rspiele (und einen Kurzfilm) verwandelt. Das sind Geschichten, die vor Ort den Blick auf den&hellip;\n<\/div>\n<div class=\"link-more\"><a href=\"https:\/\/www.kopfkino-podcast.de\/?page_id=758\" class=\"more-link\">Continue reading<span class=\"screen-reader-text\"> &ldquo;FeedBack Neuperlach&rdquo;<\/span>&hellip;<\/a><\/div>\n","protected":false},"author":3,"featured_media":817,"parent":0,"menu_order":0,"comment_status":"closed","ping_status":"closed","template":"","meta":{"footnotes":""},"class_list":["post-758","page","type-page","status-publish","has-post-thumbnail","hentry","entry"],"_links":{"self":[{"href":"https:\/\/www.kopfkino-podcast.de\/index.php?rest_route=\/wp\/v2\/pages\/758","targetHints":{"allow":["GET"]}}],"collection":[{"href":"https:\/\/www.kopfkino-podcast.de\/index.php?rest_route=\/wp\/v2\/pages"}],"about":[{"href":"https:\/\/www.kopfkino-podcast.de\/index.php?rest_route=\/wp\/v2\/types\/page"}],"author":[{"embeddable":true,"href":"https:\/\/www.kopfkino-podcast.de\/index.php?rest_route=\/wp\/v2\/users\/3"}],"replies":[{"embeddable":true,"href":"https:\/\/www.kopfkino-podcast.de\/index.php?rest_route=%2Fwp%2Fv2%2Fcomments&post=758"}],"version-history":[{"count":36,"href":"https:\/\/www.kopfkino-podcast.de\/index.php?rest_route=\/wp\/v2\/pages\/758\/revisions"}],"predecessor-version":[{"id":834,"href":"https:\/\/www.kopfkino-podcast.de\/index.php?rest_route=\/wp\/v2\/pages\/758\/revisions\/834"}],"wp:featuredmedia":[{"embeddable":true,"href":"https:\/\/www.kopfkino-podcast.de\/index.php?rest_route=\/wp\/v2\/media\/817"}],"wp:attachment":[{"href":"https:\/\/www.kopfkino-podcast.de\/index.php?rest_route=%2Fwp%2Fv2%2Fmedia&parent=758"}],"curies":[{"name":"wp","href":"https:\/\/api.w.org\/{rel}","templated":true}]}}